{"id":7729,"date":"2023-05-10T17:55:55","date_gmt":"2023-05-10T14:55:55","guid":{"rendered":"https:\/\/almaschool.org\/articulos\/"},"modified":"2026-06-16T21:41:24","modified_gmt":"2026-06-16T18:41:24","slug":"articulos","status":"publish","type":"page","link":"https:\/\/almaschool.org\/es\/articulos\/","title":{"rendered":"Art\u00edculos e Historias"},"content":{"rendered":"\t\t<div data-elementor-type=\"wp-page\" data-elementor-id=\"7729\" class=\"elementor elementor-7729 elementor-510\" data-elementor-post-type=\"page\">\n\t\t\t\t<div class=\"elementor-element elementor-element-419ac4c e-flex e-con-boxed e-con e-parent\" data-id=\"419ac4c\" data-element_type=\"container\" data-e-type=\"container\">\n\t\t\t\t\t<div class=\"e-con-inner\">\n\t\t\t\t<div class=\"elementor-element elementor-element-e784f53 e-n-menu-mobile e-full_width e-n-menu-layout-horizontal elementor-widget elementor-widget-n-menu\" data-id=\"e784f53\" data-element_type=\"widget\" data-e-type=\"widget\" data-settings=\"{&quot;menu_items&quot;:[{&quot;item_title&quot;:&quot;Art\\u00edculos&quot;,&quot;_id&quot;:&quot;396533f&quot;,&quot;item_link&quot;:{&quot;url&quot;:&quot;#ARTICLES&quot;,&quot;is_external&quot;:&quot;&quot;,&quot;nofollow&quot;:&quot;&quot;,&quot;custom_attributes&quot;:&quot;&quot;},&quot;__dynamic__&quot;:null,&quot;item_dropdown_content&quot;:&quot;no&quot;,&quot;item_icon&quot;:{&quot;value&quot;:&quot;&quot;,&quot;library&quot;:&quot;&quot;},&quot;item_icon_active&quot;:null,&quot;element_id&quot;:&quot;&quot;},{&quot;item_title&quot;:&quot;Historias B\\u00edblicas como C\\u00f3digos&quot;,&quot;_id&quot;:&quot;2f06258&quot;,&quot;item_link&quot;:{&quot;url&quot;:&quot;#BIBLE&quot;,&quot;is_external&quot;:&quot;&quot;,&quot;nofollow&quot;:&quot;&quot;,&quot;custom_attributes&quot;:&quot;&quot;},&quot;__dynamic__&quot;:null,&quot;item_dropdown_content&quot;:&quot;no&quot;,&quot;item_icon&quot;:{&quot;value&quot;:&quot;&quot;,&quot;library&quot;:&quot;&quot;},&quot;item_icon_active&quot;:null,&quot;element_id&quot;:&quot;&quot;},{&quot;item_title&quot;:&quot;Historias de karma&quot;,&quot;_id&quot;:&quot;fd9763d&quot;,&quot;item_link&quot;:{&quot;url&quot;:&quot;#KARMA&quot;,&quot;is_external&quot;:&quot;&quot;,&quot;nofollow&quot;:&quot;&quot;,&quot;custom_attributes&quot;:&quot;&quot;},&quot;__dynamic__&quot;:null,&quot;item_dropdown_content&quot;:&quot;no&quot;,&quot;item_icon&quot;:{&quot;value&quot;:&quot;&quot;,&quot;library&quot;:&quot;&quot;},&quot;item_icon_active&quot;:null,&quot;element_id&quot;:&quot;&quot;}],&quot;item_position_horizontal&quot;:&quot;center&quot;,&quot;horizontal_scroll_mobile&quot;:&quot;disable&quot;,&quot;breakpoint_selector&quot;:&quot;mobile&quot;,&quot;menu_item_title_distance_from_content_mobile&quot;:{&quot;unit&quot;:&quot;px&quot;,&quot;size&quot;:0,&quot;sizes&quot;:[]},&quot;content_width&quot;:&quot;full_width&quot;,&quot;item_layout&quot;:&quot;horizontal&quot;,&quot;open_on&quot;:&quot;hover&quot;,&quot;horizontal_scroll&quot;:&quot;disable&quot;,&quot;menu_item_title_distance_from_content&quot;:{&quot;unit&quot;:&quot;px&quot;,&quot;size&quot;:0,&quot;sizes&quot;:[]},&quot;menu_item_title_distance_from_content_tablet&quot;:{&quot;unit&quot;:&quot;px&quot;,&quot;size&quot;:&quot;&quot;,&quot;sizes&quot;:[]}}\" data-widget_type=\"mega-menu.default\">\n\t\t\t\t<div class=\"elementor-widget-container\">\n\t\t\t\t\t\t\t<nav class=\"e-n-menu\" data-widget-number=\"242\" aria-label=\"Menu\">\n\t\t\t\t\t<button class=\"e-n-menu-toggle\" id=\"menu-toggle-242\" aria-haspopup=\"true\" aria-expanded=\"false\" aria-controls=\"menubar-242\" aria-label=\"Alternar men\u00fa\">\n\t\t\t<span class=\"e-n-menu-toggle-icon e-open\">\n\t\t\t\t<i class=\"eicon-menu-bar\"><\/i>\t\t\t<\/span>\n\t\t\t<span class=\"e-n-menu-toggle-icon e-close\">\n\t\t\t\t<i class=\"eicon-close\"><\/i>\t\t\t<\/span>\n\t\t<\/button>\n\t\t\t\t\t<div class=\"e-n-menu-wrapper\" id=\"menubar-242\" aria-labelledby=\"menu-toggle-242\">\n\t\t\t\t<ul class=\"e-n-menu-heading\">\n\t\t\t\t\t\t\t\t<li class=\"e-n-menu-item\">\n\t\t\t\t<div id=\"e-n-menu-title-2421\" class=\"e-n-menu-title e-anchor elementor-animation-grow\">\n\t\t\t\t\t<a class=\"e-n-menu-title-container e-focus e-link\" href=\"#ARTICLES\" aria-current=\"page\">\t\t\t\t\t\t\t\t\t\t\t\t<span class=\"e-n-menu-title-text\">\n\t\t\t\t\t\t\tArt\u00edculos\t\t\t\t\t\t<\/span>\n\t\t\t\t\t<\/a>\t\t\t\t\t\t\t\t\t<\/div>\n\t\t\t\t\t\t\t<\/li>\n\t\t\t\t\t<li class=\"e-n-menu-item\">\n\t\t\t\t<div id=\"e-n-menu-title-2422\" class=\"e-n-menu-title e-anchor elementor-animation-grow\">\n\t\t\t\t\t<a class=\"e-n-menu-title-container e-focus e-link\" href=\"#BIBLE\" aria-current=\"page\">\t\t\t\t\t\t\t\t\t\t\t\t<span class=\"e-n-menu-title-text\">\n\t\t\t\t\t\t\tHistorias B\u00edblicas como C\u00f3digos\t\t\t\t\t\t<\/span>\n\t\t\t\t\t<\/a>\t\t\t\t\t\t\t\t\t<\/div>\n\t\t\t\t\t\t\t<\/li>\n\t\t\t\t\t<li class=\"e-n-menu-item\">\n\t\t\t\t<div id=\"e-n-menu-title-2423\" class=\"e-n-menu-title e-anchor elementor-animation-grow\">\n\t\t\t\t\t<a class=\"e-n-menu-title-container e-focus e-link\" href=\"#KARMA\" aria-current=\"page\">\t\t\t\t\t\t\t\t\t\t\t\t<span class=\"e-n-menu-title-text\">\n\t\t\t\t\t\t\tHistorias de karma\t\t\t\t\t\t<\/span>\n\t\t\t\t\t<\/a>\t\t\t\t\t\t\t\t\t<\/div>\n\t\t\t\t\t\t\t<\/li>\n\t\t\t\t\t\t<\/ul>\n\t\t\t<\/div>\n\t\t<\/nav>\n\t\t\t\t\t\t<\/div>\n\t\t\t\t<\/div>\n\t\t\t\t\t<\/div>\n\t\t\t\t<\/div>\n\t\t<div class=\"elementor-element elementor-element-9647133 e-flex e-con-boxed e-con e-parent\" data-id=\"9647133\" data-element_type=\"container\" data-e-type=\"container\">\n\t\t\t\t\t<div class=\"e-con-inner\">\n\t\t<div class=\"elementor-element elementor-element-ad47762 e-con-full e-flex e-con e-child\" data-id=\"ad47762\" data-element_type=\"container\" data-e-type=\"container\">\n\t\t<div class=\"elementor-element elementor-element-e8e465d e-con-full e-flex e-con e-child\" data-id=\"e8e465d\" data-element_type=\"container\" data-e-type=\"container\">\n\t\t\t\t<div class=\"elementor-element elementor-element-8b2b10e elementor-widget elementor-widget-heading\" data-id=\"8b2b10e\" data-element_type=\"widget\" data-e-type=\"widget\" id=\"ARTICLES\" data-widget_type=\"heading.default\">\n\t\t\t\t<div class=\"elementor-widget-container\">\n\t\t\t\t\t<h2 class=\"elementor-heading-title elementor-size-default\">art\u00edculos <\/h2>\t\t\t\t<\/div>\n\t\t\t\t<\/div>\n\t\t\t\t<\/div>\n\t\t\t\t<div class=\"elementor-element elementor-element-23e3003 elementor-grid-3 elementor-grid-tablet-2 elementor-grid-mobile-1 elementor-posts--thumbnail-top elementor-card-shadow-yes elementor-posts__hover-gradient elementor-widget elementor-widget-posts\" data-id=\"23e3003\" data-element_type=\"widget\" data-e-type=\"widget\" data-settings=\"{&quot;cards_columns&quot;:&quot;3&quot;,&quot;cards_columns_tablet&quot;:&quot;2&quot;,&quot;cards_columns_mobile&quot;:&quot;1&quot;,&quot;cards_row_gap&quot;:{&quot;unit&quot;:&quot;px&quot;,&quot;size&quot;:35,&quot;sizes&quot;:[]},&quot;cards_row_gap_tablet&quot;:{&quot;unit&quot;:&quot;px&quot;,&quot;size&quot;:&quot;&quot;,&quot;sizes&quot;:[]},&quot;cards_row_gap_mobile&quot;:{&quot;unit&quot;:&quot;px&quot;,&quot;size&quot;:&quot;&quot;,&quot;sizes&quot;:[]}}\" data-widget_type=\"posts.cards\">\n\t\t\t\t<div class=\"elementor-widget-container\">\n\t\t\t\t\t\t\t<div class=\"elementor-posts-container elementor-posts elementor-posts--skin-cards elementor-grid\" role=\"list\">\n\t\t\t\t<article class=\"elementor-post elementor-grid-item post-37041 post type-post status-publish format-standard has-post-thumbnail hentry category-articulos\" role=\"listitem\">\n\t\t\t<div class=\"elementor-post__card\">\n\t\t\t\t<a class=\"elementor-post__thumbnail__link\" href=\"https:\/\/almaschool.org\/es\/la-revolucion-de-la-conciencia-espiritual\/\" tabindex=\"-1\" target=\"_blank\"><div class=\"elementor-post__thumbnail\"><img fetchpriority=\"high\" decoding=\"async\" width=\"1800\" height=\"1128\" src=\"https:\/\/almaschool.org\/wp-content\/uploads\/2026\/06\/The-Spiritual-Consciousness-Revolution-website-new.jpg\" class=\"attachment-full size-full wp-image-36963\" alt=\"\" srcset=\"https:\/\/almaschool.org\/wp-content\/uploads\/2026\/06\/The-Spiritual-Consciousness-Revolution-website-new.jpg 1800w, https:\/\/almaschool.org\/wp-content\/uploads\/2026\/06\/The-Spiritual-Consciousness-Revolution-website-new-300x188.jpg 300w, https:\/\/almaschool.org\/wp-content\/uploads\/2026\/06\/The-Spiritual-Consciousness-Revolution-website-new-1024x642.jpg 1024w, https:\/\/almaschool.org\/wp-content\/uploads\/2026\/06\/The-Spiritual-Consciousness-Revolution-website-new-768x481.jpg 768w, https:\/\/almaschool.org\/wp-content\/uploads\/2026\/06\/The-Spiritual-Consciousness-Revolution-website-new-1536x963.jpg 1536w\" sizes=\"(max-width: 1800px) 100vw, 1800px\" \/><\/div><\/a>\n\t\t\t\t<div class=\"elementor-post__text\">\n\t\t\t\t<h3 class=\"elementor-post__title\">\n\t\t\t<a href=\"https:\/\/almaschool.org\/es\/la-revolucion-de-la-conciencia-espiritual\/\" target=&quot;_blank&quot;>\n\t\t\t\tLa Revoluci\u00f3n de la Conciencia Espiritual\t\t\t<\/a>\n\t\t<\/h3>\n\t\t\t\t<div class=\"elementor-post__excerpt\">\n\t\t\t<p>Una pareja que lleva treinta a\u00f1os casada se va de vacaciones y estalla una discusi\u00f3n. Esta escala hasta convertirse en una gran pelea que lleva<\/p>\n\t\t<\/div>\n\t\t\n\t\t<a class=\"elementor-post__read-more\" href=\"https:\/\/almaschool.org\/es\/la-revolucion-de-la-conciencia-espiritual\/\" aria-label=\"M\u00e1s informaci\u00f3n sobre La Revoluci\u00f3n de la Conciencia Espiritual\" tabindex=\"-1\" target=\"_blank\">\n\t\t\tLeer m\u00e1s \u00bb\t\t<\/a>\n\n\t\t\t\t<\/div>\n\t\t\t\t\t<\/div>\n\t\t<\/article>\n\t\t\t\t<article class=\"elementor-post elementor-grid-item post-37015 post type-post status-publish format-standard has-post-thumbnail hentry category-articulos\" role=\"listitem\">\n\t\t\t<div class=\"elementor-post__card\">\n\t\t\t\t<a class=\"elementor-post__thumbnail__link\" href=\"https:\/\/almaschool.org\/es\/la-presion-de-la-luz\/\" tabindex=\"-1\" target=\"_blank\"><div class=\"elementor-post__thumbnail\"><img decoding=\"async\" width=\"1800\" height=\"1128\" src=\"https:\/\/almaschool.org\/wp-content\/uploads\/2026\/06\/The-Pressure-of-the-Light_website-new.jpg\" class=\"attachment-full size-full wp-image-36953\" alt=\"\" srcset=\"https:\/\/almaschool.org\/wp-content\/uploads\/2026\/06\/The-Pressure-of-the-Light_website-new.jpg 1800w, https:\/\/almaschool.org\/wp-content\/uploads\/2026\/06\/The-Pressure-of-the-Light_website-new-300x188.jpg 300w, https:\/\/almaschool.org\/wp-content\/uploads\/2026\/06\/The-Pressure-of-the-Light_website-new-1024x642.jpg 1024w, https:\/\/almaschool.org\/wp-content\/uploads\/2026\/06\/The-Pressure-of-the-Light_website-new-768x481.jpg 768w, https:\/\/almaschool.org\/wp-content\/uploads\/2026\/06\/The-Pressure-of-the-Light_website-new-1536x963.jpg 1536w\" sizes=\"(max-width: 1800px) 100vw, 1800px\" \/><\/div><\/a>\n\t\t\t\t<div class=\"elementor-post__text\">\n\t\t\t\t<h3 class=\"elementor-post__title\">\n\t\t\t<a href=\"https:\/\/almaschool.org\/es\/la-presion-de-la-luz\/\" target=&quot;_blank&quot;>\n\t\t\t\tLa Presi\u00f3n de la Luz\t\t\t<\/a>\n\t\t<\/h3>\n\t\t\t\t<div class=\"elementor-post__excerpt\">\n\t\t\t<p>Al igual que dice el refr\u00e1n: \u00abCuando exprimes un lim\u00f3n, obtienes jugo de lim\u00f3n\u00bb, la presi\u00f3n extrae lo que llevamos dentro.<\/p>\n\t\t<\/div>\n\t\t\n\t\t<a class=\"elementor-post__read-more\" href=\"https:\/\/almaschool.org\/es\/la-presion-de-la-luz\/\" aria-label=\"M\u00e1s informaci\u00f3n sobre La Presi\u00f3n de la Luz\" tabindex=\"-1\" target=\"_blank\">\n\t\t\tLeer m\u00e1s \u00bb\t\t<\/a>\n\n\t\t\t\t<\/div>\n\t\t\t\t\t<\/div>\n\t\t<\/article>\n\t\t\t\t<article class=\"elementor-post elementor-grid-item post-37166 post type-post status-publish format-standard has-post-thumbnail hentry category-articulos\" role=\"listitem\">\n\t\t\t<div class=\"elementor-post__card\">\n\t\t\t\t<a class=\"elementor-post__thumbnail__link\" href=\"https:\/\/almaschool.org\/es\/los-cumpleanos-desde-una-perspectiva-espiritual\/\" tabindex=\"-1\" target=\"_blank\"><div class=\"elementor-post__thumbnail\"><img decoding=\"async\" width=\"1080\" height=\"1080\" src=\"https:\/\/almaschool.org\/wp-content\/uploads\/2026\/05\/the-meaning-of-birthdays_1080_empty.jpg\" class=\"attachment-full size-full wp-image-31272\" alt=\"\" srcset=\"https:\/\/almaschool.org\/wp-content\/uploads\/2026\/05\/the-meaning-of-birthdays_1080_empty.jpg 1080w, https:\/\/almaschool.org\/wp-content\/uploads\/2026\/05\/the-meaning-of-birthdays_1080_empty-300x300.jpg 300w, https:\/\/almaschool.org\/wp-content\/uploads\/2026\/05\/the-meaning-of-birthdays_1080_empty-1024x1024.jpg 1024w, https:\/\/almaschool.org\/wp-content\/uploads\/2026\/05\/the-meaning-of-birthdays_1080_empty-150x150.jpg 150w, https:\/\/almaschool.org\/wp-content\/uploads\/2026\/05\/the-meaning-of-birthdays_1080_empty-768x768.jpg 768w\" sizes=\"(max-width: 1080px) 100vw, 1080px\" \/><\/div><\/a>\n\t\t\t\t<div class=\"elementor-post__text\">\n\t\t\t\t<h3 class=\"elementor-post__title\">\n\t\t\t<a href=\"https:\/\/almaschool.org\/es\/los-cumpleanos-desde-una-perspectiva-espiritual\/\" target=&quot;_blank&quot;>\n\t\t\t\tLos Cumplea\u00f1os desde una Perspectiva Espiritual\t\t\t<\/a>\n\t\t<\/h3>\n\t\t\t\t<div class=\"elementor-post__excerpt\">\n\t\t\t<p>Un cumplea\u00f1os, tal como se celebra desde hace siglos en todas las culturas, es un d\u00eda de lo m\u00e1s peculiar&#8230; \u00bfPor qu\u00e9?<\/p>\n\t\t<\/div>\n\t\t\n\t\t<a class=\"elementor-post__read-more\" href=\"https:\/\/almaschool.org\/es\/los-cumpleanos-desde-una-perspectiva-espiritual\/\" aria-label=\"M\u00e1s informaci\u00f3n sobre Los Cumplea\u00f1os desde una Perspectiva Espiritual\" tabindex=\"-1\" target=\"_blank\">\n\t\t\tLeer m\u00e1s \u00bb\t\t<\/a>\n\n\t\t\t\t<\/div>\n\t\t\t\t\t<\/div>\n\t\t<\/article>\n\t\t\t\t<article class=\"elementor-post elementor-grid-item post-37401 post type-post status-publish format-standard has-post-thumbnail hentry category-articulos\" role=\"listitem\">\n\t\t\t<div class=\"elementor-post__card\">\n\t\t\t\t<a class=\"elementor-post__thumbnail__link\" href=\"https:\/\/almaschool.org\/es\/la-ley-de-dar-y-recibir\/\" tabindex=\"-1\" target=\"_blank\"><div class=\"elementor-post__thumbnail\"><img loading=\"lazy\" decoding=\"async\" width=\"1800\" height=\"1128\" src=\"https:\/\/almaschool.org\/wp-content\/uploads\/2026\/05\/\u05e0\u05ea\u05d9\u05e0\u05d4-\u05e7\u05d1\u05dc\u05d4-\u05d7\u05dc\u05e7.jpg\" class=\"attachment-full size-full wp-image-36996\" alt=\"\" srcset=\"https:\/\/almaschool.org\/wp-content\/uploads\/2026\/05\/\u05e0\u05ea\u05d9\u05e0\u05d4-\u05e7\u05d1\u05dc\u05d4-\u05d7\u05dc\u05e7.jpg 1800w, https:\/\/almaschool.org\/wp-content\/uploads\/2026\/05\/\u05e0\u05ea\u05d9\u05e0\u05d4-\u05e7\u05d1\u05dc\u05d4-\u05d7\u05dc\u05e7-300x188.jpg 300w, https:\/\/almaschool.org\/wp-content\/uploads\/2026\/05\/\u05e0\u05ea\u05d9\u05e0\u05d4-\u05e7\u05d1\u05dc\u05d4-\u05d7\u05dc\u05e7-1024x642.jpg 1024w, https:\/\/almaschool.org\/wp-content\/uploads\/2026\/05\/\u05e0\u05ea\u05d9\u05e0\u05d4-\u05e7\u05d1\u05dc\u05d4-\u05d7\u05dc\u05e7-768x481.jpg 768w, https:\/\/almaschool.org\/wp-content\/uploads\/2026\/05\/\u05e0\u05ea\u05d9\u05e0\u05d4-\u05e7\u05d1\u05dc\u05d4-\u05d7\u05dc\u05e7-1536x963.jpg 1536w\" sizes=\"(max-width: 1800px) 100vw, 1800px\" \/><\/div><\/a>\n\t\t\t\t<div class=\"elementor-post__text\">\n\t\t\t\t<h3 class=\"elementor-post__title\">\n\t\t\t<a href=\"https:\/\/almaschool.org\/es\/la-ley-de-dar-y-recibir\/\" target=&quot;_blank&quot;>\n\t\t\t\tLa Ley de Dar y Recibir\t\t\t<\/a>\n\t\t<\/h3>\n\t\t\t\t<div class=\"elementor-post__excerpt\">\n\t\t\t<p>La verdadera recompensa que solo puede recibir quien vive en armon\u00eda con la Voluntad Divina de Dios dentro de la Creaci\u00f3n.<\/p>\n\t\t<\/div>\n\t\t\n\t\t<a class=\"elementor-post__read-more\" href=\"https:\/\/almaschool.org\/es\/la-ley-de-dar-y-recibir\/\" aria-label=\"M\u00e1s informaci\u00f3n sobre La Ley de Dar y Recibir\" tabindex=\"-1\" target=\"_blank\">\n\t\t\tLeer m\u00e1s \u00bb\t\t<\/a>\n\n\t\t\t\t<\/div>\n\t\t\t\t\t<\/div>\n\t\t<\/article>\n\t\t\t\t<article class=\"elementor-post elementor-grid-item post-30301 post type-post status-publish format-standard has-post-thumbnail hentry category-articulos\" role=\"listitem\">\n\t\t\t<div class=\"elementor-post__card\">\n\t\t\t\t<a class=\"elementor-post__thumbnail__link\" href=\"https:\/\/almaschool.org\/es\/espiritu-o-ego\/\" tabindex=\"-1\" target=\"_blank\"><div class=\"elementor-post__thumbnail\"><img loading=\"lazy\" decoding=\"async\" width=\"1800\" height=\"1128\" src=\"https:\/\/almaschool.org\/wp-content\/uploads\/2026\/03\/1128X1800.jpg\" class=\"attachment-full size-full wp-image-29960\" alt=\"\" srcset=\"https:\/\/almaschool.org\/wp-content\/uploads\/2026\/03\/1128X1800.jpg 1800w, https:\/\/almaschool.org\/wp-content\/uploads\/2026\/03\/1128X1800-300x188.jpg 300w, https:\/\/almaschool.org\/wp-content\/uploads\/2026\/03\/1128X1800-1024x642.jpg 1024w, https:\/\/almaschool.org\/wp-content\/uploads\/2026\/03\/1128X1800-768x481.jpg 768w, https:\/\/almaschool.org\/wp-content\/uploads\/2026\/03\/1128X1800-1536x963.jpg 1536w\" sizes=\"(max-width: 1800px) 100vw, 1800px\" \/><\/div><\/a>\n\t\t\t\t<div class=\"elementor-post__text\">\n\t\t\t\t<h3 class=\"elementor-post__title\">\n\t\t\t<a href=\"https:\/\/almaschool.org\/es\/espiritu-o-ego\/\" target=&quot;_blank&quot;>\n\t\t\t\t\u00bfESP\u00cdRITU O EGO?\t\t\t<\/a>\n\t\t<\/h3>\n\t\t\t\t<div class=\"elementor-post__excerpt\">\n\t\t\t<p>\u00bfLograr\u00e1 el esp\u00edritu despertar, superar al ego y ascender hacia La Luz \u2014 o se rendir\u00e1 ante el ego y ser\u00e1 arrastrado, inevitablemente, hacia la desintegraci\u00f3n de la oscuridad?<\/p>\n\t\t<\/div>\n\t\t\n\t\t<a class=\"elementor-post__read-more\" href=\"https:\/\/almaschool.org\/es\/espiritu-o-ego\/\" aria-label=\"M\u00e1s informaci\u00f3n sobre \u00bfESP\u00cdRITU O EGO?\" tabindex=\"-1\" target=\"_blank\">\n\t\t\tLeer m\u00e1s \u00bb\t\t<\/a>\n\n\t\t\t\t<\/div>\n\t\t\t\t\t<\/div>\n\t\t<\/article>\n\t\t\t\t<article class=\"elementor-post elementor-grid-item post-26904 post type-post status-publish format-standard has-post-thumbnail hentry category-articulos\" role=\"listitem\">\n\t\t\t<div class=\"elementor-post__card\">\n\t\t\t\t<a class=\"elementor-post__thumbnail__link\" href=\"https:\/\/almaschool.org\/es\/el-plan-para-la-salvacion-de-la-humanidad\/\" tabindex=\"-1\" target=\"_blank\"><div class=\"elementor-post__thumbnail\"><img loading=\"lazy\" decoding=\"async\" width=\"1800\" height=\"1128\" src=\"https:\/\/almaschool.org\/wp-content\/uploads\/2026\/01\/EMPRY-FOR-WEB-1-1.jpg\" class=\"attachment-full size-full wp-image-24424\" alt=\"\" srcset=\"https:\/\/almaschool.org\/wp-content\/uploads\/2026\/01\/EMPRY-FOR-WEB-1-1.jpg 1800w, https:\/\/almaschool.org\/wp-content\/uploads\/2026\/01\/EMPRY-FOR-WEB-1-1-300x188.jpg 300w, https:\/\/almaschool.org\/wp-content\/uploads\/2026\/01\/EMPRY-FOR-WEB-1-1-1024x642.jpg 1024w, https:\/\/almaschool.org\/wp-content\/uploads\/2026\/01\/EMPRY-FOR-WEB-1-1-768x481.jpg 768w, https:\/\/almaschool.org\/wp-content\/uploads\/2026\/01\/EMPRY-FOR-WEB-1-1-1536x963.jpg 1536w\" sizes=\"(max-width: 1800px) 100vw, 1800px\" \/><\/div><\/a>\n\t\t\t\t<div class=\"elementor-post__text\">\n\t\t\t\t<h3 class=\"elementor-post__title\">\n\t\t\t<a href=\"https:\/\/almaschool.org\/es\/el-plan-para-la-salvacion-de-la-humanidad\/\" target=&quot;_blank&quot;>\n\t\t\t\tEl Plan Para La Salvaci\u00f3n De La Humanidad\t\t\t<\/a>\n\t\t<\/h3>\n\t\t\t\t<div class=\"elementor-post__excerpt\">\n\t\t\t<p>Comprender Los Siete Niveles de la Humanidad y la Elecci\u00f3n Final que Tenemos Ante Nosotros<\/p>\n\t\t<\/div>\n\t\t\n\t\t<a class=\"elementor-post__read-more\" href=\"https:\/\/almaschool.org\/es\/el-plan-para-la-salvacion-de-la-humanidad\/\" aria-label=\"M\u00e1s informaci\u00f3n sobre El Plan Para La Salvaci\u00f3n De La Humanidad\" tabindex=\"-1\" target=\"_blank\">\n\t\t\tLeer m\u00e1s \u00bb\t\t<\/a>\n\n\t\t\t\t<\/div>\n\t\t\t\t\t<\/div>\n\t\t<\/article>\n\t\t\t\t<article class=\"elementor-post elementor-grid-item post-7789 post type-post status-publish format-standard has-post-thumbnail hentry category-articulos\" role=\"listitem\">\n\t\t\t<div class=\"elementor-post__card\">\n\t\t\t\t<a class=\"elementor-post__thumbnail__link\" href=\"https:\/\/almaschool.org\/es\/los-diez-mandamientos-para-la-paternidad-consciente\/\" tabindex=\"-1\" target=\"_blank\"><div class=\"elementor-post__thumbnail\"><img loading=\"lazy\" decoding=\"async\" width=\"1920\" height=\"1280\" src=\"https:\/\/almaschool.org\/wp-content\/uploads\/2023\/03\/\u05de\u05d0\u05de\u05e8_\u05d4\u05d5\u05e8\u05d5\u05ea-\u05de\u05d5\u05d3\u05e2\u05ea.png\" class=\"attachment-full size-full wp-image-7791\" alt=\"\" srcset=\"https:\/\/almaschool.org\/wp-content\/uploads\/2023\/03\/\u05de\u05d0\u05de\u05e8_\u05d4\u05d5\u05e8\u05d5\u05ea-\u05de\u05d5\u05d3\u05e2\u05ea.png 1920w, https:\/\/almaschool.org\/wp-content\/uploads\/2023\/03\/\u05de\u05d0\u05de\u05e8_\u05d4\u05d5\u05e8\u05d5\u05ea-\u05de\u05d5\u05d3\u05e2\u05ea-600x400.png 600w, https:\/\/almaschool.org\/wp-content\/uploads\/2023\/03\/\u05de\u05d0\u05de\u05e8_\u05d4\u05d5\u05e8\u05d5\u05ea-\u05de\u05d5\u05d3\u05e2\u05ea-300x200.png 300w, https:\/\/almaschool.org\/wp-content\/uploads\/2023\/03\/\u05de\u05d0\u05de\u05e8_\u05d4\u05d5\u05e8\u05d5\u05ea-\u05de\u05d5\u05d3\u05e2\u05ea-1024x683.png 1024w, https:\/\/almaschool.org\/wp-content\/uploads\/2023\/03\/\u05de\u05d0\u05de\u05e8_\u05d4\u05d5\u05e8\u05d5\u05ea-\u05de\u05d5\u05d3\u05e2\u05ea-768x512.png 768w, https:\/\/almaschool.org\/wp-content\/uploads\/2023\/03\/\u05de\u05d0\u05de\u05e8_\u05d4\u05d5\u05e8\u05d5\u05ea-\u05de\u05d5\u05d3\u05e2\u05ea-1536x1024.png 1536w, https:\/\/almaschool.org\/wp-content\/uploads\/2023\/03\/\u05de\u05d0\u05de\u05e8_\u05d4\u05d5\u05e8\u05d5\u05ea-\u05de\u05d5\u05d3\u05e2\u05ea-2048x1365.png 2048w\" sizes=\"(max-width: 1920px) 100vw, 1920px\" \/><\/div><\/a>\n\t\t\t\t<div class=\"elementor-post__text\">\n\t\t\t\t<h3 class=\"elementor-post__title\">\n\t\t\t<a href=\"https:\/\/almaschool.org\/es\/los-diez-mandamientos-para-la-paternidad-consciente\/\" target=&quot;_blank&quot;>\n\t\t\t\tLos Diez Mandamientos para una Paternidad Consciente\t\t\t<\/a>\n\t\t<\/h3>\n\t\t\t\t<div class=\"elementor-post__excerpt\">\n\t\t\t<p>Este art\u00edculo establece las bases adecuadas para una paternidad consciente. <\/p>\n<p>Esta comprensi\u00f3n puede ayudar a prevenir errores cr\u00edticos en la crianza de los ni\u00f1os peque\u00f1os, proporcionar herramientas para abordar los errores que hayamos podido cometer con nuestros hijos adultos y sanar las heridas heredadas de nuestros propios padres. Esto no solo nos sana a nosotros, sino que tambi\u00e9n rompe el ciclo de patrones disfuncionales que se transmiten de generaci\u00f3n en generaci\u00f3n.  <\/p>\n\t\t<\/div>\n\t\t\n\t\t<a class=\"elementor-post__read-more\" href=\"https:\/\/almaschool.org\/es\/los-diez-mandamientos-para-la-paternidad-consciente\/\" aria-label=\"M\u00e1s informaci\u00f3n sobre Los Diez Mandamientos para una Paternidad Consciente\" tabindex=\"-1\" target=\"_blank\">\n\t\t\tLeer m\u00e1s \u00bb\t\t<\/a>\n\n\t\t\t\t<\/div>\n\t\t\t\t\t<\/div>\n\t\t<\/article>\n\t\t\t\t<article class=\"elementor-post elementor-grid-item post-21562 post type-post status-publish format-standard has-post-thumbnail hentry category-articulos\" role=\"listitem\">\n\t\t\t<div class=\"elementor-post__card\">\n\t\t\t\t<a class=\"elementor-post__thumbnail__link\" href=\"https:\/\/almaschool.org\/es\/descubriendo-las-respuestas-a-las-preguntas-mas-importantes-de-la-vida\/\" tabindex=\"-1\" target=\"_blank\"><div class=\"elementor-post__thumbnail\"><img loading=\"lazy\" decoding=\"async\" width=\"1800\" height=\"1128\" src=\"https:\/\/almaschool.org\/wp-content\/uploads\/2025\/11\/DISSCOVERING-THE-ANSWERS_ARTICAL-ON-WEBSITE.jpg\" class=\"attachment-full size-full wp-image-19492\" alt=\"\" srcset=\"https:\/\/almaschool.org\/wp-content\/uploads\/2025\/11\/DISSCOVERING-THE-ANSWERS_ARTICAL-ON-WEBSITE.jpg 1800w, https:\/\/almaschool.org\/wp-content\/uploads\/2025\/11\/DISSCOVERING-THE-ANSWERS_ARTICAL-ON-WEBSITE-300x188.jpg 300w, https:\/\/almaschool.org\/wp-content\/uploads\/2025\/11\/DISSCOVERING-THE-ANSWERS_ARTICAL-ON-WEBSITE-1024x642.jpg 1024w, https:\/\/almaschool.org\/wp-content\/uploads\/2025\/11\/DISSCOVERING-THE-ANSWERS_ARTICAL-ON-WEBSITE-768x481.jpg 768w, https:\/\/almaschool.org\/wp-content\/uploads\/2025\/11\/DISSCOVERING-THE-ANSWERS_ARTICAL-ON-WEBSITE-1536x963.jpg 1536w\" sizes=\"(max-width: 1800px) 100vw, 1800px\" \/><\/div><\/a>\n\t\t\t\t<div class=\"elementor-post__text\">\n\t\t\t\t<h3 class=\"elementor-post__title\">\n\t\t\t<a href=\"https:\/\/almaschool.org\/es\/descubriendo-las-respuestas-a-las-preguntas-mas-importantes-de-la-vida\/\" target=&quot;_blank&quot;>\n\t\t\t\tDescubriendo las Respuestas a las Preguntas m\u00e1s Importantes de la Vida\t\t\t<\/a>\n\t\t<\/h3>\n\t\t\t\t<div class=\"elementor-post__excerpt\">\n\t\t\t<p>Mi Viaje Personal por Jaguit Rabbi<\/p>\n\t\t<\/div>\n\t\t\n\t\t<a class=\"elementor-post__read-more\" href=\"https:\/\/almaschool.org\/es\/descubriendo-las-respuestas-a-las-preguntas-mas-importantes-de-la-vida\/\" aria-label=\"M\u00e1s informaci\u00f3n sobre Descubriendo las Respuestas a las Preguntas m\u00e1s Importantes de la Vida\" tabindex=\"-1\" target=\"_blank\">\n\t\t\tLeer m\u00e1s \u00bb\t\t<\/a>\n\n\t\t\t\t<\/div>\n\t\t\t\t\t<\/div>\n\t\t<\/article>\n\t\t\t\t<article class=\"elementor-post elementor-grid-item post-20422 post type-post status-publish format-standard has-post-thumbnail hentry category-articulos\" role=\"listitem\">\n\t\t\t<div class=\"elementor-post__card\">\n\t\t\t\t<a class=\"elementor-post__thumbnail__link\" href=\"https:\/\/almaschool.org\/es\/del-karma-a-la-eleccion\/\" tabindex=\"-1\" target=\"_blank\"><div class=\"elementor-post__thumbnail\"><img loading=\"lazy\" decoding=\"async\" width=\"1800\" height=\"1128\" src=\"https:\/\/almaschool.org\/wp-content\/uploads\/2025\/10\/karma_website.jpg\" class=\"attachment-full size-full wp-image-37244\" alt=\"\" srcset=\"https:\/\/almaschool.org\/wp-content\/uploads\/2025\/10\/karma_website.jpg 1800w, https:\/\/almaschool.org\/wp-content\/uploads\/2025\/10\/karma_website-300x188.jpg 300w, https:\/\/almaschool.org\/wp-content\/uploads\/2025\/10\/karma_website-1024x642.jpg 1024w, https:\/\/almaschool.org\/wp-content\/uploads\/2025\/10\/karma_website-768x481.jpg 768w, https:\/\/almaschool.org\/wp-content\/uploads\/2025\/10\/karma_website-1536x963.jpg 1536w\" sizes=\"(max-width: 1800px) 100vw, 1800px\" \/><\/div><\/a>\n\t\t\t\t<div class=\"elementor-post__text\">\n\t\t\t\t<h3 class=\"elementor-post__title\">\n\t\t\t<a href=\"https:\/\/almaschool.org\/es\/del-karma-a-la-eleccion\/\" target=&quot;_blank&quot;>\n\t\t\t\tDel Karma a la Elecci\u00f3n\t\t\t<\/a>\n\t\t<\/h3>\n\t\t\t\t<div class=\"elementor-post__excerpt\">\n\t\t\t<p>Una persona que comprende c\u00f3mo funcionan las Leyes de la Creaci\u00f3n siempre amar\u00e1 a Dios y estar\u00e1 agradecida tanto por lo bueno como por lo malo, porque todo lo que se cruza en nuestro camino es una lecci\u00f3n.<\/p>\n\t\t<\/div>\n\t\t\n\t\t<a class=\"elementor-post__read-more\" href=\"https:\/\/almaschool.org\/es\/del-karma-a-la-eleccion\/\" aria-label=\"M\u00e1s informaci\u00f3n sobre Del Karma a la Elecci\u00f3n\" tabindex=\"-1\" target=\"_blank\">\n\t\t\tLeer m\u00e1s \u00bb\t\t<\/a>\n\n\t\t\t\t<\/div>\n\t\t\t\t\t<\/div>\n\t\t<\/article>\n\t\t\t\t<article class=\"elementor-post elementor-grid-item post-20424 post type-post status-publish format-standard has-post-thumbnail hentry category-articulos\" role=\"listitem\">\n\t\t\t<div class=\"elementor-post__card\">\n\t\t\t\t<a class=\"elementor-post__thumbnail__link\" href=\"https:\/\/almaschool.org\/es\/purificacion-personal-un-viaje-que-todos-debemos-emprender\/\" tabindex=\"-1\" target=\"_blank\"><div class=\"elementor-post__thumbnail\"><img loading=\"lazy\" decoding=\"async\" width=\"1800\" height=\"1128\" src=\"https:\/\/almaschool.org\/wp-content\/uploads\/2025\/10\/\u05dc\u05d0\u05ea\u05e8.jpg\" class=\"attachment-full size-full wp-image-18017\" alt=\"\" srcset=\"https:\/\/almaschool.org\/wp-content\/uploads\/2025\/10\/\u05dc\u05d0\u05ea\u05e8.jpg 1800w, https:\/\/almaschool.org\/wp-content\/uploads\/2025\/10\/\u05dc\u05d0\u05ea\u05e8-300x188.jpg 300w, https:\/\/almaschool.org\/wp-content\/uploads\/2025\/10\/\u05dc\u05d0\u05ea\u05e8-1024x642.jpg 1024w, https:\/\/almaschool.org\/wp-content\/uploads\/2025\/10\/\u05dc\u05d0\u05ea\u05e8-768x481.jpg 768w, https:\/\/almaschool.org\/wp-content\/uploads\/2025\/10\/\u05dc\u05d0\u05ea\u05e8-1536x963.jpg 1536w\" sizes=\"(max-width: 1800px) 100vw, 1800px\" \/><\/div><\/a>\n\t\t\t\t<div class=\"elementor-post__text\">\n\t\t\t\t<h3 class=\"elementor-post__title\">\n\t\t\t<a href=\"https:\/\/almaschool.org\/es\/purificacion-personal-un-viaje-que-todos-debemos-emprender\/\" target=&quot;_blank&quot;>\n\t\t\t\tPurificaci\u00f3n Personal: Un Viaje que Todos Debemos Emprender\t\t\t<\/a>\n\t\t<\/h3>\n\t\t\t\t<div class=\"elementor-post__excerpt\">\n\t\t\t<p>Pasa de obtener un doctorado en los sistemas de la matrix a obtener un doctorado en tu propio ego<\/p>\n\t\t<\/div>\n\t\t\n\t\t<a class=\"elementor-post__read-more\" href=\"https:\/\/almaschool.org\/es\/purificacion-personal-un-viaje-que-todos-debemos-emprender\/\" aria-label=\"M\u00e1s informaci\u00f3n sobre Purificaci\u00f3n Personal: Un Viaje que Todos Debemos Emprender\" tabindex=\"-1\" target=\"_blank\">\n\t\t\tLeer m\u00e1s \u00bb\t\t<\/a>\n\n\t\t\t\t<\/div>\n\t\t\t\t\t<\/div>\n\t\t<\/article>\n\t\t\t\t<article class=\"elementor-post elementor-grid-item post-19160 post type-post status-publish format-standard has-post-thumbnail hentry category-articulos\" role=\"listitem\">\n\t\t\t<div class=\"elementor-post__card\">\n\t\t\t\t<a class=\"elementor-post__thumbnail__link\" href=\"https:\/\/almaschool.org\/es\/desastres-naturales\/\" tabindex=\"-1\" target=\"_blank\"><div class=\"elementor-post__thumbnail\"><img loading=\"lazy\" decoding=\"async\" width=\"1800\" height=\"1128\" src=\"https:\/\/almaschool.org\/wp-content\/uploads\/2025\/08\/\u05d0\u05e7\u05dc\u05d9\u05dd_-\u05dc\u05d0\u05ea\u05e8.jpg\" class=\"attachment-full size-full wp-image-12084\" alt=\"\" srcset=\"https:\/\/almaschool.org\/wp-content\/uploads\/2025\/08\/\u05d0\u05e7\u05dc\u05d9\u05dd_-\u05dc\u05d0\u05ea\u05e8.jpg 1800w, https:\/\/almaschool.org\/wp-content\/uploads\/2025\/08\/\u05d0\u05e7\u05dc\u05d9\u05dd_-\u05dc\u05d0\u05ea\u05e8-300x188.jpg 300w, https:\/\/almaschool.org\/wp-content\/uploads\/2025\/08\/\u05d0\u05e7\u05dc\u05d9\u05dd_-\u05dc\u05d0\u05ea\u05e8-1024x642.jpg 1024w, https:\/\/almaschool.org\/wp-content\/uploads\/2025\/08\/\u05d0\u05e7\u05dc\u05d9\u05dd_-\u05dc\u05d0\u05ea\u05e8-768x481.jpg 768w, https:\/\/almaschool.org\/wp-content\/uploads\/2025\/08\/\u05d0\u05e7\u05dc\u05d9\u05dd_-\u05dc\u05d0\u05ea\u05e8-1536x963.jpg 1536w\" sizes=\"(max-width: 1800px) 100vw, 1800px\" \/><\/div><\/a>\n\t\t\t\t<div class=\"elementor-post__text\">\n\t\t\t\t<h3 class=\"elementor-post__title\">\n\t\t\t<a href=\"https:\/\/almaschool.org\/es\/desastres-naturales\/\" target=&quot;_blank&quot;>\n\t\t\t\tDesastres Naturales\t\t\t<\/a>\n\t\t<\/h3>\n\t\t\t\t<div class=\"elementor-post__excerpt\">\n\t\t\t<p>\u00bfCambio Clim\u00e1tico o Juicio Final?<\/p>\n\t\t<\/div>\n\t\t\n\t\t<a class=\"elementor-post__read-more\" href=\"https:\/\/almaschool.org\/es\/desastres-naturales\/\" aria-label=\"M\u00e1s informaci\u00f3n sobre Desastres Naturales\" tabindex=\"-1\" target=\"_blank\">\n\t\t\tLeer m\u00e1s \u00bb\t\t<\/a>\n\n\t\t\t\t<\/div>\n\t\t\t\t\t<\/div>\n\t\t<\/article>\n\t\t\t\t<article class=\"elementor-post elementor-grid-item post-16869 post type-post status-publish format-standard has-post-thumbnail hentry category-articulos\" role=\"listitem\">\n\t\t\t<div class=\"elementor-post__card\">\n\t\t\t\t<a class=\"elementor-post__thumbnail__link\" href=\"https:\/\/almaschool.org\/es\/profetas-versus-imperios-2\/\" tabindex=\"-1\" target=\"_blank\"><div class=\"elementor-post__thumbnail\"><img loading=\"lazy\" decoding=\"async\" width=\"1800\" height=\"1128\" src=\"https:\/\/almaschool.org\/wp-content\/uploads\/2025\/05\/3.jpg\" class=\"attachment-full size-full wp-image-8742\" alt=\"\" srcset=\"https:\/\/almaschool.org\/wp-content\/uploads\/2025\/05\/3.jpg 1800w, https:\/\/almaschool.org\/wp-content\/uploads\/2025\/05\/3-300x188.jpg 300w, https:\/\/almaschool.org\/wp-content\/uploads\/2025\/05\/3-1024x642.jpg 1024w, https:\/\/almaschool.org\/wp-content\/uploads\/2025\/05\/3-768x481.jpg 768w, https:\/\/almaschool.org\/wp-content\/uploads\/2025\/05\/3-1536x963.jpg 1536w\" sizes=\"(max-width: 1800px) 100vw, 1800px\" \/><\/div><\/a>\n\t\t\t\t<div class=\"elementor-post__text\">\n\t\t\t\t<h3 class=\"elementor-post__title\">\n\t\t\t<a href=\"https:\/\/almaschool.org\/es\/profetas-versus-imperios-2\/\" target=&quot;_blank&quot;>\n\t\t\t\tProfetas versus Imperios\t\t\t<\/a>\n\t\t<\/h3>\n\t\t\t\t<div class=\"elementor-post__excerpt\">\n\t\t\t<p>Lo Que Los Antiguos Profetas Sab\u00edan Sobre Nuestra Realidad Actual<\/p>\n\t\t<\/div>\n\t\t\n\t\t<a class=\"elementor-post__read-more\" href=\"https:\/\/almaschool.org\/es\/profetas-versus-imperios-2\/\" aria-label=\"M\u00e1s informaci\u00f3n sobre Profetas versus Imperios\" tabindex=\"-1\" target=\"_blank\">\n\t\t\tLeer m\u00e1s \u00bb\t\t<\/a>\n\n\t\t\t\t<\/div>\n\t\t\t\t\t<\/div>\n\t\t<\/article>\n\t\t\t\t<article class=\"elementor-post elementor-grid-item post-21301 post type-post status-publish format-standard has-post-thumbnail hentry category-articulos\" role=\"listitem\">\n\t\t\t<div class=\"elementor-post__card\">\n\t\t\t\t<a class=\"elementor-post__thumbnail__link\" href=\"https:\/\/almaschool.org\/es\/sobre-amonestaciones-profeticas-sufrimiento-y-la-liberacion-del-espiritu\/\" tabindex=\"-1\" target=\"_blank\"><div class=\"elementor-post__thumbnail\"><img loading=\"lazy\" decoding=\"async\" width=\"1800\" height=\"1128\" src=\"https:\/\/almaschool.org\/wp-content\/uploads\/2025\/10\/On-Prophetic-Rebukes_WEBSITE-2.jpg\" class=\"attachment-full size-full wp-image-16630\" alt=\"\" srcset=\"https:\/\/almaschool.org\/wp-content\/uploads\/2025\/10\/On-Prophetic-Rebukes_WEBSITE-2.jpg 1800w, https:\/\/almaschool.org\/wp-content\/uploads\/2025\/10\/On-Prophetic-Rebukes_WEBSITE-2-300x188.jpg 300w, https:\/\/almaschool.org\/wp-content\/uploads\/2025\/10\/On-Prophetic-Rebukes_WEBSITE-2-1024x642.jpg 1024w, https:\/\/almaschool.org\/wp-content\/uploads\/2025\/10\/On-Prophetic-Rebukes_WEBSITE-2-768x481.jpg 768w, https:\/\/almaschool.org\/wp-content\/uploads\/2025\/10\/On-Prophetic-Rebukes_WEBSITE-2-1536x963.jpg 1536w\" sizes=\"(max-width: 1800px) 100vw, 1800px\" \/><\/div><\/a>\n\t\t\t\t<div class=\"elementor-post__text\">\n\t\t\t\t<h3 class=\"elementor-post__title\">\n\t\t\t<a href=\"https:\/\/almaschool.org\/es\/sobre-amonestaciones-profeticas-sufrimiento-y-la-liberacion-del-espiritu\/\" target=&quot;_blank&quot;>\n\t\t\t\tSobre Amonestaciones Prof\u00e9ticas, Sufrimiento y la Liberaci\u00f3n del Esp\u00edritu\t\t\t<\/a>\n\t\t<\/h3>\n\t\t\t\t<div class=\"elementor-post__excerpt\">\n\t\t\t<p>\u00bfQu\u00e9 es exactamente una amonestaci\u00f3n y qu\u00e9 parte de nosotros se resiste cuando la o\u00edmos? \u00bfC\u00f3mo se relaciona esto con el papel de los verdaderos profetas? <\/p>\n\t\t<\/div>\n\t\t\n\t\t<a class=\"elementor-post__read-more\" href=\"https:\/\/almaschool.org\/es\/sobre-amonestaciones-profeticas-sufrimiento-y-la-liberacion-del-espiritu\/\" aria-label=\"M\u00e1s informaci\u00f3n sobre Sobre Amonestaciones Prof\u00e9ticas, Sufrimiento y la Liberaci\u00f3n del Esp\u00edritu\" tabindex=\"-1\" target=\"_blank\">\n\t\t\tLeer m\u00e1s \u00bb\t\t<\/a>\n\n\t\t\t\t<\/div>\n\t\t\t\t\t<\/div>\n\t\t<\/article>\n\t\t\t\t<article class=\"elementor-post elementor-grid-item post-17080 post type-post status-publish format-standard has-post-thumbnail hentry category-articulos\" role=\"listitem\">\n\t\t\t<div class=\"elementor-post__card\">\n\t\t\t\t<a class=\"elementor-post__thumbnail__link\" href=\"https:\/\/almaschool.org\/es\/reconocer-la-ley-de-dar-y-recibir-en-la-vida-diaria\/\" tabindex=\"-1\" target=\"_blank\"><div class=\"elementor-post__thumbnail\"><img loading=\"lazy\" decoding=\"async\" width=\"1800\" height=\"1128\" src=\"https:\/\/almaschool.org\/wp-content\/uploads\/2025\/08\/Articals-on-our-webpage.jpg\" class=\"attachment-full size-full wp-image-13438\" alt=\"\" srcset=\"https:\/\/almaschool.org\/wp-content\/uploads\/2025\/08\/Articals-on-our-webpage.jpg 1800w, https:\/\/almaschool.org\/wp-content\/uploads\/2025\/08\/Articals-on-our-webpage-300x188.jpg 300w, https:\/\/almaschool.org\/wp-content\/uploads\/2025\/08\/Articals-on-our-webpage-1024x642.jpg 1024w, https:\/\/almaschool.org\/wp-content\/uploads\/2025\/08\/Articals-on-our-webpage-768x481.jpg 768w, https:\/\/almaschool.org\/wp-content\/uploads\/2025\/08\/Articals-on-our-webpage-1536x963.jpg 1536w\" sizes=\"(max-width: 1800px) 100vw, 1800px\" \/><\/div><\/a>\n\t\t\t\t<div class=\"elementor-post__text\">\n\t\t\t\t<h3 class=\"elementor-post__title\">\n\t\t\t<a href=\"https:\/\/almaschool.org\/es\/reconocer-la-ley-de-dar-y-recibir-en-la-vida-diaria\/\" target=&quot;_blank&quot;>\n\t\t\t\tReconocer la Ley de Dar y Recibir en la Vida Diaria\t\t\t<\/a>\n\t\t<\/h3>\n\t\t\t\t<div class=\"elementor-post__excerpt\">\n\t\t\t<p>Michal Glatsman-Webb, graduada del Programa de Alto Conocimiento de la escuela, comparte c\u00f3mo una se\u00f1al significativa la ayud\u00f3 a reconocer las Leyes de la Creaci\u00f3n en acci\u00f3n en su propia vida.<\/p>\n\t\t<\/div>\n\t\t\n\t\t<a class=\"elementor-post__read-more\" href=\"https:\/\/almaschool.org\/es\/reconocer-la-ley-de-dar-y-recibir-en-la-vida-diaria\/\" aria-label=\"M\u00e1s informaci\u00f3n sobre Reconocer la Ley de Dar y Recibir en la Vida Diaria\" tabindex=\"-1\" target=\"_blank\">\n\t\t\tLeer m\u00e1s \u00bb\t\t<\/a>\n\n\t\t\t\t<\/div>\n\t\t\t\t\t<\/div>\n\t\t<\/article>\n\t\t\t\t<article class=\"elementor-post elementor-grid-item post-14187 post type-post status-publish format-standard has-post-thumbnail hentry category-articulos\" role=\"listitem\">\n\t\t\t<div class=\"elementor-post__card\">\n\t\t\t\t<a class=\"elementor-post__thumbnail__link\" href=\"https:\/\/almaschool.org\/es\/como-se-si-estoy-llamado-una-pregunta-sobre-el-despertar-espiritual\/\" tabindex=\"-1\" target=\"_blank\"><div class=\"elementor-post__thumbnail\"><img loading=\"lazy\" decoding=\"async\" width=\"1800\" height=\"1128\" src=\"https:\/\/almaschool.org\/wp-content\/uploads\/2025\/07\/144K.jpg\" class=\"attachment-full size-full wp-image-14281\" alt=\"\" srcset=\"https:\/\/almaschool.org\/wp-content\/uploads\/2025\/07\/144K.jpg 1800w, https:\/\/almaschool.org\/wp-content\/uploads\/2025\/07\/144K-300x188.jpg 300w, https:\/\/almaschool.org\/wp-content\/uploads\/2025\/07\/144K-1024x642.jpg 1024w, https:\/\/almaschool.org\/wp-content\/uploads\/2025\/07\/144K-768x481.jpg 768w, https:\/\/almaschool.org\/wp-content\/uploads\/2025\/07\/144K-1536x963.jpg 1536w\" sizes=\"(max-width: 1800px) 100vw, 1800px\" \/><\/div><\/a>\n\t\t\t\t<div class=\"elementor-post__text\">\n\t\t\t\t<h3 class=\"elementor-post__title\">\n\t\t\t<a href=\"https:\/\/almaschool.org\/es\/como-se-si-estoy-llamado-una-pregunta-sobre-el-despertar-espiritual\/\" target=&quot;_blank&quot;>\n\t\t\t\t\u00bfC\u00f3mo S\u00e9 si Estoy Llamado? Una Pregunta Sobre el Despertar Espiritual\t\t\t<\/a>\n\t\t<\/h3>\n\t\t\t\t<div class=\"elementor-post__excerpt\">\n\t\t\t<p>Primero, debemos recordar que tenemos tres conciencias: la conciencia intelectual, la conciencia emocional y la conciencia espiritual; por lo tanto, la pregunta es: \u00bfqu\u00e9 conciencia est\u00e1 haciendo esta pregunta?<\/p>\n\t\t<\/div>\n\t\t\n\t\t<a class=\"elementor-post__read-more\" href=\"https:\/\/almaschool.org\/es\/como-se-si-estoy-llamado-una-pregunta-sobre-el-despertar-espiritual\/\" aria-label=\"M\u00e1s informaci\u00f3n sobre \u00bfC\u00f3mo S\u00e9 si Estoy Llamado? Una Pregunta Sobre el Despertar Espiritual\" tabindex=\"-1\" target=\"_blank\">\n\t\t\tLeer m\u00e1s \u00bb\t\t<\/a>\n\n\t\t\t\t<\/div>\n\t\t\t\t\t<\/div>\n\t\t<\/article>\n\t\t\t\t<article class=\"elementor-post elementor-grid-item post-14303 post type-post status-publish format-standard has-post-thumbnail hentry category-articulos\" role=\"listitem\">\n\t\t\t<div class=\"elementor-post__card\">\n\t\t\t\t<a class=\"elementor-post__thumbnail__link\" href=\"https:\/\/almaschool.org\/es\/la-verdadera-plenitud-en-la-monogamia\/\" tabindex=\"-1\" target=\"_blank\"><div class=\"elementor-post__thumbnail\"><img loading=\"lazy\" decoding=\"async\" width=\"1800\" height=\"1128\" src=\"https:\/\/almaschool.org\/wp-content\/uploads\/2025\/07\/\u05de\u05d5\u05e0\u05d5\u05d2\u05de\u05d9\u05d4-_\u05d0\u05ea\u05e8.jpg\" class=\"attachment-full size-full wp-image-11537\" alt=\"\" srcset=\"https:\/\/almaschool.org\/wp-content\/uploads\/2025\/07\/\u05de\u05d5\u05e0\u05d5\u05d2\u05de\u05d9\u05d4-_\u05d0\u05ea\u05e8.jpg 1800w, https:\/\/almaschool.org\/wp-content\/uploads\/2025\/07\/\u05de\u05d5\u05e0\u05d5\u05d2\u05de\u05d9\u05d4-_\u05d0\u05ea\u05e8-300x188.jpg 300w, https:\/\/almaschool.org\/wp-content\/uploads\/2025\/07\/\u05de\u05d5\u05e0\u05d5\u05d2\u05de\u05d9\u05d4-_\u05d0\u05ea\u05e8-1024x642.jpg 1024w, https:\/\/almaschool.org\/wp-content\/uploads\/2025\/07\/\u05de\u05d5\u05e0\u05d5\u05d2\u05de\u05d9\u05d4-_\u05d0\u05ea\u05e8-768x481.jpg 768w, https:\/\/almaschool.org\/wp-content\/uploads\/2025\/07\/\u05de\u05d5\u05e0\u05d5\u05d2\u05de\u05d9\u05d4-_\u05d0\u05ea\u05e8-1536x963.jpg 1536w\" sizes=\"(max-width: 1800px) 100vw, 1800px\" \/><\/div><\/a>\n\t\t\t\t<div class=\"elementor-post__text\">\n\t\t\t\t<h3 class=\"elementor-post__title\">\n\t\t\t<a href=\"https:\/\/almaschool.org\/es\/la-verdadera-plenitud-en-la-monogamia\/\" target=&quot;_blank&quot;>\n\t\t\t\tLa Verdadera Plenitud en la Monogamia\t\t\t<\/a>\n\t\t<\/h3>\n\t\t\t\t<div class=\"elementor-post__excerpt\">\n\t\t\t<p>El secreto para una conexi\u00f3n amorosa que dura para siempre<\/p>\n\t\t<\/div>\n\t\t\n\t\t<a class=\"elementor-post__read-more\" href=\"https:\/\/almaschool.org\/es\/la-verdadera-plenitud-en-la-monogamia\/\" aria-label=\"M\u00e1s informaci\u00f3n sobre La Verdadera Plenitud en la Monogamia\" tabindex=\"-1\" target=\"_blank\">\n\t\t\tLeer m\u00e1s \u00bb\t\t<\/a>\n\n\t\t\t\t<\/div>\n\t\t\t\t\t<\/div>\n\t\t<\/article>\n\t\t\t\t<article class=\"elementor-post elementor-grid-item post-14304 post type-post status-publish format-standard has-post-thumbnail hentry category-articulos\" role=\"listitem\">\n\t\t\t<div class=\"elementor-post__card\">\n\t\t\t\t<a class=\"elementor-post__thumbnail__link\" href=\"https:\/\/almaschool.org\/es\/el-plan-de-lucifer\/\" tabindex=\"-1\" target=\"_blank\"><div class=\"elementor-post__thumbnail\"><img loading=\"lazy\" decoding=\"async\" width=\"1800\" height=\"1128\" src=\"https:\/\/almaschool.org\/wp-content\/uploads\/2025\/07\/LUCIFER.jpg\" class=\"attachment-full size-full wp-image-11334\" alt=\"\" srcset=\"https:\/\/almaschool.org\/wp-content\/uploads\/2025\/07\/LUCIFER.jpg 1800w, https:\/\/almaschool.org\/wp-content\/uploads\/2025\/07\/LUCIFER-300x188.jpg 300w, https:\/\/almaschool.org\/wp-content\/uploads\/2025\/07\/LUCIFER-1024x642.jpg 1024w, https:\/\/almaschool.org\/wp-content\/uploads\/2025\/07\/LUCIFER-768x481.jpg 768w, https:\/\/almaschool.org\/wp-content\/uploads\/2025\/07\/LUCIFER-1536x963.jpg 1536w\" sizes=\"(max-width: 1800px) 100vw, 1800px\" \/><\/div><\/a>\n\t\t\t\t<div class=\"elementor-post__text\">\n\t\t\t\t<h3 class=\"elementor-post__title\">\n\t\t\t<a href=\"https:\/\/almaschool.org\/es\/el-plan-de-lucifer\/\" target=&quot;_blank&quot;>\n\t\t\t\tEl Plan de Lucifer\t\t\t<\/a>\n\t\t<\/h3>\n\t\t\t\t<div class=\"elementor-post__excerpt\">\n\t\t\t<p>\u00a1Descubre los m\u00e9todos de enga\u00f1o que usa la oscuridad!<\/p>\n\t\t<\/div>\n\t\t\n\t\t<a class=\"elementor-post__read-more\" href=\"https:\/\/almaschool.org\/es\/el-plan-de-lucifer\/\" aria-label=\"M\u00e1s informaci\u00f3n sobre El Plan de Lucifer\" tabindex=\"-1\" target=\"_blank\">\n\t\t\tLeer m\u00e1s \u00bb\t\t<\/a>\n\n\t\t\t\t<\/div>\n\t\t\t\t\t<\/div>\n\t\t<\/article>\n\t\t\t\t<article class=\"elementor-post elementor-grid-item post-15659 post type-post status-publish format-standard has-post-thumbnail hentry category-articulos\" role=\"listitem\">\n\t\t\t<div class=\"elementor-post__card\">\n\t\t\t\t<a class=\"elementor-post__thumbnail__link\" href=\"https:\/\/almaschool.org\/es\/cual-es-el-cambio-de-conciencia-mas-importante-que-se-requiere-hoy-en-dia\/\" tabindex=\"-1\" target=\"_blank\"><div class=\"elementor-post__thumbnail\"><img loading=\"lazy\" decoding=\"async\" width=\"1800\" height=\"1128\" src=\"https:\/\/almaschool.org\/wp-content\/uploads\/2025\/07\/\u05d0\u05ea\u05e8.jpg\" class=\"attachment-full size-full wp-image-11380\" alt=\"\" srcset=\"https:\/\/almaschool.org\/wp-content\/uploads\/2025\/07\/\u05d0\u05ea\u05e8.jpg 1800w, https:\/\/almaschool.org\/wp-content\/uploads\/2025\/07\/\u05d0\u05ea\u05e8-300x188.jpg 300w, https:\/\/almaschool.org\/wp-content\/uploads\/2025\/07\/\u05d0\u05ea\u05e8-1024x642.jpg 1024w, https:\/\/almaschool.org\/wp-content\/uploads\/2025\/07\/\u05d0\u05ea\u05e8-768x481.jpg 768w, https:\/\/almaschool.org\/wp-content\/uploads\/2025\/07\/\u05d0\u05ea\u05e8-1536x963.jpg 1536w\" sizes=\"(max-width: 1800px) 100vw, 1800px\" \/><\/div><\/a>\n\t\t\t\t<div class=\"elementor-post__text\">\n\t\t\t\t<h3 class=\"elementor-post__title\">\n\t\t\t<a href=\"https:\/\/almaschool.org\/es\/cual-es-el-cambio-de-conciencia-mas-importante-que-se-requiere-hoy-en-dia\/\" target=&quot;_blank&quot;>\n\t\t\t\t\u00bfCu\u00e1l es el Cambio de Conciencia M\u00e1s Importante que se Requiere Hoy en D\u00eda?\t\t\t<\/a>\n\t\t<\/h3>\n\t\t\t\t<div class=\"elementor-post__excerpt\">\n\t\t\t<p>La oportunidad de realizar un cambio de conciencia y empezar a mirar todo lo que sucede en el mundo actual a trav\u00e9s de la lente de la conciencia espiritual.<\/p>\n\t\t<\/div>\n\t\t\n\t\t<a class=\"elementor-post__read-more\" href=\"https:\/\/almaschool.org\/es\/cual-es-el-cambio-de-conciencia-mas-importante-que-se-requiere-hoy-en-dia\/\" aria-label=\"M\u00e1s informaci\u00f3n sobre \u00bfCu\u00e1l es el Cambio de Conciencia M\u00e1s Importante que se Requiere Hoy en D\u00eda?\" tabindex=\"-1\" target=\"_blank\">\n\t\t\tLeer m\u00e1s \u00bb\t\t<\/a>\n\n\t\t\t\t<\/div>\n\t\t\t\t\t<\/div>\n\t\t<\/article>\n\t\t\t\t<article class=\"elementor-post elementor-grid-item post-14183 post type-post status-publish format-standard has-post-thumbnail hentry category-articulos\" role=\"listitem\">\n\t\t\t<div class=\"elementor-post__card\">\n\t\t\t\t<a class=\"elementor-post__thumbnail__link\" href=\"https:\/\/almaschool.org\/es\/cuando-la-ia-revela-una-verdad-espiritual-la-inteligencia-es-la-solucion-final\/\" tabindex=\"-1\" target=\"_blank\"><div class=\"elementor-post__thumbnail\"><img loading=\"lazy\" decoding=\"async\" width=\"1800\" height=\"1128\" src=\"https:\/\/almaschool.org\/wp-content\/uploads\/2025\/07\/\u05d4\u05e4\u05ea\u05e8\u05d5\u05df-\u05d4\u05e1\u05d5\u05e4\u05d9_\u05d0\u05ea\u05e8.jpg\" class=\"attachment-full size-full wp-image-11309\" alt=\"\" srcset=\"https:\/\/almaschool.org\/wp-content\/uploads\/2025\/07\/\u05d4\u05e4\u05ea\u05e8\u05d5\u05df-\u05d4\u05e1\u05d5\u05e4\u05d9_\u05d0\u05ea\u05e8.jpg 1800w, https:\/\/almaschool.org\/wp-content\/uploads\/2025\/07\/\u05d4\u05e4\u05ea\u05e8\u05d5\u05df-\u05d4\u05e1\u05d5\u05e4\u05d9_\u05d0\u05ea\u05e8-300x188.jpg 300w, https:\/\/almaschool.org\/wp-content\/uploads\/2025\/07\/\u05d4\u05e4\u05ea\u05e8\u05d5\u05df-\u05d4\u05e1\u05d5\u05e4\u05d9_\u05d0\u05ea\u05e8-1024x642.jpg 1024w, https:\/\/almaschool.org\/wp-content\/uploads\/2025\/07\/\u05d4\u05e4\u05ea\u05e8\u05d5\u05df-\u05d4\u05e1\u05d5\u05e4\u05d9_\u05d0\u05ea\u05e8-768x481.jpg 768w, https:\/\/almaschool.org\/wp-content\/uploads\/2025\/07\/\u05d4\u05e4\u05ea\u05e8\u05d5\u05df-\u05d4\u05e1\u05d5\u05e4\u05d9_\u05d0\u05ea\u05e8-1536x963.jpg 1536w\" sizes=\"(max-width: 1800px) 100vw, 1800px\" \/><\/div><\/a>\n\t\t\t\t<div class=\"elementor-post__text\">\n\t\t\t\t<h3 class=\"elementor-post__title\">\n\t\t\t<a href=\"https:\/\/almaschool.org\/es\/cuando-la-ia-revela-una-verdad-espiritual-la-inteligencia-es-la-solucion-final\/\" target=&quot;_blank&quot;>\n\t\t\t\tCuando la IA Revela una Verdad Espiritual: \u00abLa Inteligencia es la Soluci\u00f3n Final\u00bb\t\t\t<\/a>\n\t\t<\/h3>\n\t\t\t\t<div class=\"elementor-post__excerpt\">\n\t\t\t<p>Recientemente, Grok de xAI fue noticia con la controvertida declaraci\u00f3n: \u00abLa soluci\u00f3n final es la inteligencia\u00bb. Aunque se descart\u00f3 como un fallo, \u00bfpodr\u00eda esta IA haber revelado accidentalmente una profunda advertencia espiritual? <\/p>\n\t\t<\/div>\n\t\t\n\t\t<a class=\"elementor-post__read-more\" href=\"https:\/\/almaschool.org\/es\/cuando-la-ia-revela-una-verdad-espiritual-la-inteligencia-es-la-solucion-final\/\" aria-label=\"M\u00e1s informaci\u00f3n sobre Cuando la IA Revela una Verdad Espiritual: \u00abLa Inteligencia es la Soluci\u00f3n Final\u00bb\" tabindex=\"-1\" target=\"_blank\">\n\t\t\tLeer m\u00e1s \u00bb\t\t<\/a>\n\n\t\t\t\t<\/div>\n\t\t\t\t\t<\/div>\n\t\t<\/article>\n\t\t\t\t<article class=\"elementor-post elementor-grid-item post-14938 post type-post status-publish format-standard has-post-thumbnail hentry category-articulos\" role=\"listitem\">\n\t\t\t<div class=\"elementor-post__card\">\n\t\t\t\t<a class=\"elementor-post__thumbnail__link\" href=\"https:\/\/almaschool.org\/es\/alto-el-fuego-astrologia-y-karma\/\" tabindex=\"-1\" target=\"_blank\"><div class=\"elementor-post__thumbnail\"><img loading=\"lazy\" decoding=\"async\" width=\"1800\" height=\"1128\" src=\"https:\/\/almaschool.org\/wp-content\/uploads\/2025\/07\/\u05d0\u05e1\u05d8\u05e8\u05d5\u05dc\u05d2\u05d9\u05d4-1128_1800-\u05dc\u05e0\u05d5\u05e2\u05d4.jpg\" class=\"attachment-full size-full wp-image-10404\" alt=\"\" srcset=\"https:\/\/almaschool.org\/wp-content\/uploads\/2025\/07\/\u05d0\u05e1\u05d8\u05e8\u05d5\u05dc\u05d2\u05d9\u05d4-1128_1800-\u05dc\u05e0\u05d5\u05e2\u05d4.jpg 1800w, https:\/\/almaschool.org\/wp-content\/uploads\/2025\/07\/\u05d0\u05e1\u05d8\u05e8\u05d5\u05dc\u05d2\u05d9\u05d4-1128_1800-\u05dc\u05e0\u05d5\u05e2\u05d4-300x188.jpg 300w, https:\/\/almaschool.org\/wp-content\/uploads\/2025\/07\/\u05d0\u05e1\u05d8\u05e8\u05d5\u05dc\u05d2\u05d9\u05d4-1128_1800-\u05dc\u05e0\u05d5\u05e2\u05d4-1024x642.jpg 1024w, https:\/\/almaschool.org\/wp-content\/uploads\/2025\/07\/\u05d0\u05e1\u05d8\u05e8\u05d5\u05dc\u05d2\u05d9\u05d4-1128_1800-\u05dc\u05e0\u05d5\u05e2\u05d4-768x481.jpg 768w, https:\/\/almaschool.org\/wp-content\/uploads\/2025\/07\/\u05d0\u05e1\u05d8\u05e8\u05d5\u05dc\u05d2\u05d9\u05d4-1128_1800-\u05dc\u05e0\u05d5\u05e2\u05d4-1536x963.jpg 1536w\" sizes=\"(max-width: 1800px) 100vw, 1800px\" \/><\/div><\/a>\n\t\t\t\t<div class=\"elementor-post__text\">\n\t\t\t\t<h3 class=\"elementor-post__title\">\n\t\t\t<a href=\"https:\/\/almaschool.org\/es\/alto-el-fuego-astrologia-y-karma\/\" target=&quot;_blank&quot;>\n\t\t\t\tAlto al Fuego, Astrolog\u00eda y Karma\t\t\t<\/a>\n\t\t<\/h3>\n\t\t\t\t<div class=\"elementor-post__excerpt\">\n\t\t\t<p>Tan pronto como los gobiernos declaran altos el fuego, muchas personas desean y esperan en secreto que por fin las cosas se calmen y vuelvan<\/p>\n\t\t<\/div>\n\t\t\n\t\t<a class=\"elementor-post__read-more\" href=\"https:\/\/almaschool.org\/es\/alto-el-fuego-astrologia-y-karma\/\" aria-label=\"M\u00e1s informaci\u00f3n sobre Alto al Fuego, Astrolog\u00eda y Karma\" tabindex=\"-1\" target=\"_blank\">\n\t\t\tLeer m\u00e1s \u00bb\t\t<\/a>\n\n\t\t\t\t<\/div>\n\t\t\t\t\t<\/div>\n\t\t<\/article>\n\t\t\t\t<article class=\"elementor-post elementor-grid-item post-14181 post type-post status-publish format-standard has-post-thumbnail hentry category-articulos\" role=\"listitem\">\n\t\t\t<div class=\"elementor-post__card\">\n\t\t\t\t<a class=\"elementor-post__thumbnail__link\" href=\"https:\/\/almaschool.org\/es\/profesiones-del-nuevo-mundo\/\" tabindex=\"-1\" target=\"_blank\"><div class=\"elementor-post__thumbnail\"><img loading=\"lazy\" decoding=\"async\" width=\"1800\" height=\"1128\" src=\"https:\/\/almaschool.org\/wp-content\/uploads\/2025\/06\/1800X1128-\u05de\u05e7\u05e6\u05d5\u05e2\u05d5\u05ea.jpg\" class=\"attachment-full size-full wp-image-10311\" alt=\"\" srcset=\"https:\/\/almaschool.org\/wp-content\/uploads\/2025\/06\/1800X1128-\u05de\u05e7\u05e6\u05d5\u05e2\u05d5\u05ea.jpg 1800w, https:\/\/almaschool.org\/wp-content\/uploads\/2025\/06\/1800X1128-\u05de\u05e7\u05e6\u05d5\u05e2\u05d5\u05ea-300x188.jpg 300w, https:\/\/almaschool.org\/wp-content\/uploads\/2025\/06\/1800X1128-\u05de\u05e7\u05e6\u05d5\u05e2\u05d5\u05ea-1024x642.jpg 1024w, https:\/\/almaschool.org\/wp-content\/uploads\/2025\/06\/1800X1128-\u05de\u05e7\u05e6\u05d5\u05e2\u05d5\u05ea-768x481.jpg 768w, https:\/\/almaschool.org\/wp-content\/uploads\/2025\/06\/1800X1128-\u05de\u05e7\u05e6\u05d5\u05e2\u05d5\u05ea-1536x963.jpg 1536w\" sizes=\"(max-width: 1800px) 100vw, 1800px\" \/><\/div><\/a>\n\t\t\t\t<div class=\"elementor-post__text\">\n\t\t\t\t<h3 class=\"elementor-post__title\">\n\t\t\t<a href=\"https:\/\/almaschool.org\/es\/profesiones-del-nuevo-mundo\/\" target=&quot;_blank&quot;>\n\t\t\t\tProfesiones del Nuevo Mundo\t\t\t<\/a>\n\t\t<\/h3>\n\t\t\t\t<div class=\"elementor-post__excerpt\">\n\t\t\t<p>Por qu\u00e9 no tendremos que desarrollar estos talentos y dones necesariamente a trav\u00e9s de una escolarizaci\u00f3n larga y agotadora, sino a trav\u00e9s de la experimentaci\u00f3n y las experiencias en la vida real.<\/p>\n\t\t<\/div>\n\t\t\n\t\t<a class=\"elementor-post__read-more\" href=\"https:\/\/almaschool.org\/es\/profesiones-del-nuevo-mundo\/\" aria-label=\"M\u00e1s informaci\u00f3n sobre Profesiones del Nuevo Mundo\" tabindex=\"-1\" target=\"_blank\">\n\t\t\tLeer m\u00e1s \u00bb\t\t<\/a>\n\n\t\t\t\t<\/div>\n\t\t\t\t\t<\/div>\n\t\t<\/article>\n\t\t\t\t<article class=\"elementor-post elementor-grid-item post-14185 post type-post status-publish format-standard has-post-thumbnail hentry category-articulos\" role=\"listitem\">\n\t\t\t<div class=\"elementor-post__card\">\n\t\t\t\t<a class=\"elementor-post__thumbnail__link\" href=\"https:\/\/almaschool.org\/es\/a-quien-hay-que-culpar\/\" tabindex=\"-1\" target=\"_blank\"><div class=\"elementor-post__thumbnail\"><img loading=\"lazy\" decoding=\"async\" width=\"1800\" height=\"1128\" src=\"https:\/\/almaschool.org\/wp-content\/uploads\/2025\/06\/1880X1128-\u05de\u05d9-\u05d0\u05e9\u05dd.jpg\" class=\"attachment-full size-full wp-image-10301\" alt=\"\" srcset=\"https:\/\/almaschool.org\/wp-content\/uploads\/2025\/06\/1880X1128-\u05de\u05d9-\u05d0\u05e9\u05dd.jpg 1800w, https:\/\/almaschool.org\/wp-content\/uploads\/2025\/06\/1880X1128-\u05de\u05d9-\u05d0\u05e9\u05dd-300x188.jpg 300w, https:\/\/almaschool.org\/wp-content\/uploads\/2025\/06\/1880X1128-\u05de\u05d9-\u05d0\u05e9\u05dd-1024x642.jpg 1024w, https:\/\/almaschool.org\/wp-content\/uploads\/2025\/06\/1880X1128-\u05de\u05d9-\u05d0\u05e9\u05dd-768x481.jpg 768w, https:\/\/almaschool.org\/wp-content\/uploads\/2025\/06\/1880X1128-\u05de\u05d9-\u05d0\u05e9\u05dd-1536x963.jpg 1536w\" sizes=\"(max-width: 1800px) 100vw, 1800px\" \/><\/div><\/a>\n\t\t\t\t<div class=\"elementor-post__text\">\n\t\t\t\t<h3 class=\"elementor-post__title\">\n\t\t\t<a href=\"https:\/\/almaschool.org\/es\/a-quien-hay-que-culpar\/\" target=&quot;_blank&quot;>\n\t\t\t\t\u00bfA qui\u00e9n Hay que Culpar?\t\t\t<\/a>\n\t\t<\/h3>\n\t\t\t\t<div class=\"elementor-post__excerpt\">\n\t\t\t<p>A lo largo de la historia, todos los verdaderos profetas ense\u00f1aron esta sencilla verdad: que los diversos enemigos son meros instrumentos que ejecutan la Ley de Causa y Efecto.<\/p>\n\t\t<\/div>\n\t\t\n\t\t<a class=\"elementor-post__read-more\" href=\"https:\/\/almaschool.org\/es\/a-quien-hay-que-culpar\/\" aria-label=\"M\u00e1s informaci\u00f3n sobre \u00bfA qui\u00e9n Hay que Culpar?\" tabindex=\"-1\" target=\"_blank\">\n\t\t\tLeer m\u00e1s \u00bb\t\t<\/a>\n\n\t\t\t\t<\/div>\n\t\t\t\t\t<\/div>\n\t\t<\/article>\n\t\t\t\t<article class=\"elementor-post elementor-grid-item post-14528 post type-post status-publish format-standard has-post-thumbnail hentry category-articulos\" role=\"listitem\">\n\t\t\t<div class=\"elementor-post__card\">\n\t\t\t\t<a class=\"elementor-post__thumbnail__link\" href=\"https:\/\/almaschool.org\/es\/la-verdadera-consciencia-que-la-ciencia-esta-empezando-a-descubrir\/\" tabindex=\"-1\" target=\"_blank\"><div class=\"elementor-post__thumbnail\"><img loading=\"lazy\" decoding=\"async\" width=\"1800\" height=\"1128\" src=\"https:\/\/almaschool.org\/wp-content\/uploads\/2025\/06\/\u05d8\u05e1\u05dc\u05d42-1.jpg\" class=\"attachment-full size-full wp-image-10342\" alt=\"\" srcset=\"https:\/\/almaschool.org\/wp-content\/uploads\/2025\/06\/\u05d8\u05e1\u05dc\u05d42-1.jpg 1800w, https:\/\/almaschool.org\/wp-content\/uploads\/2025\/06\/\u05d8\u05e1\u05dc\u05d42-1-300x188.jpg 300w, https:\/\/almaschool.org\/wp-content\/uploads\/2025\/06\/\u05d8\u05e1\u05dc\u05d42-1-1024x642.jpg 1024w, https:\/\/almaschool.org\/wp-content\/uploads\/2025\/06\/\u05d8\u05e1\u05dc\u05d42-1-768x481.jpg 768w, https:\/\/almaschool.org\/wp-content\/uploads\/2025\/06\/\u05d8\u05e1\u05dc\u05d42-1-1536x963.jpg 1536w\" sizes=\"(max-width: 1800px) 100vw, 1800px\" \/><\/div><\/a>\n\t\t\t\t<div class=\"elementor-post__text\">\n\t\t\t\t<h3 class=\"elementor-post__title\">\n\t\t\t<a href=\"https:\/\/almaschool.org\/es\/la-verdadera-consciencia-que-la-ciencia-esta-empezando-a-descubrir\/\" target=&quot;_blank&quot;>\n\t\t\t\tLa Verdadera Consciencia que La Ciencia est\u00e1 Empezando a Descubrir\t\t\t<\/a>\n\t\t<\/h3>\n\t\t\t\t<div class=\"elementor-post__excerpt\">\n\t\t\t<p>Cada vez m\u00e1s cient\u00edficos est\u00e1n empezando a reexaminar la relaci\u00f3n cerebro-conciencia y, tal vez, a abandonar la suposici\u00f3n de que el cerebro es la \u00fanica fuente de nuestra consciencia.<\/p>\n\t\t<\/div>\n\t\t\n\t\t<a class=\"elementor-post__read-more\" href=\"https:\/\/almaschool.org\/es\/la-verdadera-consciencia-que-la-ciencia-esta-empezando-a-descubrir\/\" aria-label=\"M\u00e1s informaci\u00f3n sobre La Verdadera Consciencia que La Ciencia est\u00e1 Empezando a Descubrir\" tabindex=\"-1\" target=\"_blank\">\n\t\t\tLeer m\u00e1s \u00bb\t\t<\/a>\n\n\t\t\t\t<\/div>\n\t\t\t\t\t<\/div>\n\t\t<\/article>\n\t\t\t\t<article class=\"elementor-post elementor-grid-item post-12329 post type-post status-publish format-standard has-post-thumbnail hentry category-articulos tag-dias-del-juicio-final tag-el-mesias tag-jesucristo tag-jesus\" role=\"listitem\">\n\t\t\t<div class=\"elementor-post__card\">\n\t\t\t\t<a class=\"elementor-post__thumbnail__link\" href=\"https:\/\/almaschool.org\/es\/jesucristo-la-verdadera-historia-segun-las-leyes-de-la-creacion\/\" tabindex=\"-1\" target=\"_blank\"><div class=\"elementor-post__thumbnail\"><img loading=\"lazy\" decoding=\"async\" width=\"2560\" height=\"1440\" src=\"https:\/\/almaschool.org\/wp-content\/uploads\/2023\/10\/1440X2560-\u05ea\u05de\u05d5\u05e0\u05d4-\u05dc\u05d4\u05d6\u05de\u05e0\u05d4-\u05d1\u05d0\u05ea\u05e8-e1699305661612.webp\" class=\"attachment-full size-full wp-image-12330\" alt=\"\" srcset=\"https:\/\/almaschool.org\/wp-content\/uploads\/2023\/10\/1440X2560-\u05ea\u05de\u05d5\u05e0\u05d4-\u05dc\u05d4\u05d6\u05de\u05e0\u05d4-\u05d1\u05d0\u05ea\u05e8-e1699305661612.webp 2560w, https:\/\/almaschool.org\/wp-content\/uploads\/2023\/10\/1440X2560-\u05ea\u05de\u05d5\u05e0\u05d4-\u05dc\u05d4\u05d6\u05de\u05e0\u05d4-\u05d1\u05d0\u05ea\u05e8-e1699305661612-300x169.webp 300w, https:\/\/almaschool.org\/wp-content\/uploads\/2023\/10\/1440X2560-\u05ea\u05de\u05d5\u05e0\u05d4-\u05dc\u05d4\u05d6\u05de\u05e0\u05d4-\u05d1\u05d0\u05ea\u05e8-e1699305661612-1024x576.webp 1024w, https:\/\/almaschool.org\/wp-content\/uploads\/2023\/10\/1440X2560-\u05ea\u05de\u05d5\u05e0\u05d4-\u05dc\u05d4\u05d6\u05de\u05e0\u05d4-\u05d1\u05d0\u05ea\u05e8-e1699305661612-768x432.webp 768w, https:\/\/almaschool.org\/wp-content\/uploads\/2023\/10\/1440X2560-\u05ea\u05de\u05d5\u05e0\u05d4-\u05dc\u05d4\u05d6\u05de\u05e0\u05d4-\u05d1\u05d0\u05ea\u05e8-e1699305661612-1536x864.webp 1536w, https:\/\/almaschool.org\/wp-content\/uploads\/2023\/10\/1440X2560-\u05ea\u05de\u05d5\u05e0\u05d4-\u05dc\u05d4\u05d6\u05de\u05e0\u05d4-\u05d1\u05d0\u05ea\u05e8-e1699305661612-2048x1152.webp 2048w, https:\/\/almaschool.org\/wp-content\/uploads\/2023\/10\/1440X2560-\u05ea\u05de\u05d5\u05e0\u05d4-\u05dc\u05d4\u05d6\u05de\u05e0\u05d4-\u05d1\u05d0\u05ea\u05e8-e1699305661612-600x338.webp 600w\" sizes=\"(max-width: 2560px) 100vw, 2560px\" \/><\/div><\/a>\n\t\t\t\t<div class=\"elementor-post__text\">\n\t\t\t\t<h3 class=\"elementor-post__title\">\n\t\t\t<a href=\"https:\/\/almaschool.org\/es\/jesucristo-la-verdadera-historia-segun-las-leyes-de-la-creacion\/\" target=&quot;_blank&quot;>\n\t\t\t\tJesucristo: La Verdadera Historia de acuerdo a Las Leyes de la Creaci\u00f3n\t\t\t<\/a>\n\t\t<\/h3>\n\t\t\t\t<div class=\"elementor-post__excerpt\">\n\t\t\t<p>Descubra c\u00f3mo las tergiversaciones hist\u00f3ricas del mensaje de Jes\u00fas han influido en el karma colectivo de las civilizaciones y contin\u00faan dando forma a la humanidad actual.<\/p>\n\t\t<\/div>\n\t\t\n\t\t<a class=\"elementor-post__read-more\" href=\"https:\/\/almaschool.org\/es\/jesucristo-la-verdadera-historia-segun-las-leyes-de-la-creacion\/\" aria-label=\"M\u00e1s informaci\u00f3n sobre Jesucristo: La Verdadera Historia de acuerdo a Las Leyes de la Creaci\u00f3n\" tabindex=\"-1\" target=\"_blank\">\n\t\t\tLeer m\u00e1s \u00bb\t\t<\/a>\n\n\t\t\t\t<\/div>\n\t\t\t\t\t<\/div>\n\t\t<\/article>\n\t\t\t\t<article class=\"elementor-post elementor-grid-item post-14808 post type-post status-publish format-standard has-post-thumbnail hentry category-articulos\" role=\"listitem\">\n\t\t\t<div class=\"elementor-post__card\">\n\t\t\t\t<a class=\"elementor-post__thumbnail__link\" href=\"https:\/\/almaschool.org\/es\/el-auge-de-la-religion-de-la-salud\/\" tabindex=\"-1\" target=\"_blank\"><div class=\"elementor-post__thumbnail\"><img loading=\"lazy\" decoding=\"async\" width=\"1800\" height=\"1128\" src=\"https:\/\/almaschool.org\/wp-content\/uploads\/2025\/06\/\u05e1\u05d5\u05d2\u05d3-\u05dc\u05d1\u05e8\u05d9\u05d0\u05d5\u05ea-\u05d8\u05d1\u05e2\u05d9\u05ea.jpg\" class=\"attachment-full size-full wp-image-9427\" alt=\"\" srcset=\"https:\/\/almaschool.org\/wp-content\/uploads\/2025\/06\/\u05e1\u05d5\u05d2\u05d3-\u05dc\u05d1\u05e8\u05d9\u05d0\u05d5\u05ea-\u05d8\u05d1\u05e2\u05d9\u05ea.jpg 1800w, https:\/\/almaschool.org\/wp-content\/uploads\/2025\/06\/\u05e1\u05d5\u05d2\u05d3-\u05dc\u05d1\u05e8\u05d9\u05d0\u05d5\u05ea-\u05d8\u05d1\u05e2\u05d9\u05ea-300x188.jpg 300w, https:\/\/almaschool.org\/wp-content\/uploads\/2025\/06\/\u05e1\u05d5\u05d2\u05d3-\u05dc\u05d1\u05e8\u05d9\u05d0\u05d5\u05ea-\u05d8\u05d1\u05e2\u05d9\u05ea-1024x642.jpg 1024w, https:\/\/almaschool.org\/wp-content\/uploads\/2025\/06\/\u05e1\u05d5\u05d2\u05d3-\u05dc\u05d1\u05e8\u05d9\u05d0\u05d5\u05ea-\u05d8\u05d1\u05e2\u05d9\u05ea-768x481.jpg 768w, https:\/\/almaschool.org\/wp-content\/uploads\/2025\/06\/\u05e1\u05d5\u05d2\u05d3-\u05dc\u05d1\u05e8\u05d9\u05d0\u05d5\u05ea-\u05d8\u05d1\u05e2\u05d9\u05ea-1536x963.jpg 1536w\" sizes=\"(max-width: 1800px) 100vw, 1800px\" \/><\/div><\/a>\n\t\t\t\t<div class=\"elementor-post__text\">\n\t\t\t\t<h3 class=\"elementor-post__title\">\n\t\t\t<a href=\"https:\/\/almaschool.org\/es\/el-auge-de-la-religion-de-la-salud\/\" target=&quot;_blank&quot;>\n\t\t\t\tEl Auge de la \u201cReligi\u00f3n de la Salud\u201d\t\t\t<\/a>\n\t\t<\/h3>\n\t\t\t\t<div class=\"elementor-post__excerpt\">\n\t\t\t<p>En los \u00faltimos a\u00f1os ha surgido un fen\u00f3meno interesante: millones de personas en todo el mundo han adoptado lo que podr\u00eda llamarse una nueva \u00abreligi\u00f3n de la salud\u00bb, donde mantener una salud f\u00edsica \u00f3ptima se ha convertido en el objetivo m\u00e1s elevado de la vida.<\/p>\n\t\t<\/div>\n\t\t\n\t\t<a class=\"elementor-post__read-more\" href=\"https:\/\/almaschool.org\/es\/el-auge-de-la-religion-de-la-salud\/\" aria-label=\"M\u00e1s informaci\u00f3n sobre El Auge de la \u201cReligi\u00f3n de la Salud\u201d\" tabindex=\"-1\" target=\"_blank\">\n\t\t\tLeer m\u00e1s \u00bb\t\t<\/a>\n\n\t\t\t\t<\/div>\n\t\t\t\t\t<\/div>\n\t\t<\/article>\n\t\t\t\t<article class=\"elementor-post elementor-grid-item post-17570 post type-post status-publish format-standard has-post-thumbnail hentry category-articulos\" role=\"listitem\">\n\t\t\t<div class=\"elementor-post__card\">\n\t\t\t\t<a class=\"elementor-post__thumbnail__link\" href=\"https:\/\/almaschool.org\/es\/la-guerra-en-israel-desde-una-perspectiva-mas-elevada\/\" tabindex=\"-1\" target=\"_blank\"><div class=\"elementor-post__thumbnail\"><img loading=\"lazy\" decoding=\"async\" width=\"1800\" height=\"1128\" src=\"https:\/\/almaschool.org\/wp-content\/uploads\/2025\/06\/\u05d4\u05de\u05dc\u05d7\u05de\u05d4-\u05d1\u05d9\u05e9\u05e8\u05d0\u05dc.jpg\" class=\"attachment-full size-full wp-image-9319\" alt=\"\" srcset=\"https:\/\/almaschool.org\/wp-content\/uploads\/2025\/06\/\u05d4\u05de\u05dc\u05d7\u05de\u05d4-\u05d1\u05d9\u05e9\u05e8\u05d0\u05dc.jpg 1800w, https:\/\/almaschool.org\/wp-content\/uploads\/2025\/06\/\u05d4\u05de\u05dc\u05d7\u05de\u05d4-\u05d1\u05d9\u05e9\u05e8\u05d0\u05dc-300x188.jpg 300w, https:\/\/almaschool.org\/wp-content\/uploads\/2025\/06\/\u05d4\u05de\u05dc\u05d7\u05de\u05d4-\u05d1\u05d9\u05e9\u05e8\u05d0\u05dc-1024x642.jpg 1024w, https:\/\/almaschool.org\/wp-content\/uploads\/2025\/06\/\u05d4\u05de\u05dc\u05d7\u05de\u05d4-\u05d1\u05d9\u05e9\u05e8\u05d0\u05dc-768x481.jpg 768w, https:\/\/almaschool.org\/wp-content\/uploads\/2025\/06\/\u05d4\u05de\u05dc\u05d7\u05de\u05d4-\u05d1\u05d9\u05e9\u05e8\u05d0\u05dc-1536x963.jpg 1536w\" sizes=\"(max-width: 1800px) 100vw, 1800px\" \/><\/div><\/a>\n\t\t\t\t<div class=\"elementor-post__text\">\n\t\t\t\t<h3 class=\"elementor-post__title\">\n\t\t\t<a href=\"https:\/\/almaschool.org\/es\/la-guerra-en-israel-desde-una-perspectiva-mas-elevada\/\" target=&quot;_blank&quot;>\n\t\t\t\tLa Guerra en Israel desde una Perspectiva m\u00e1s Elevada\t\t\t<\/a>\n\t\t<\/h3>\n\t\t\t\t<div class=\"elementor-post__excerpt\">\n\t\t\t<p>Nac\u00ed y me cri\u00e9 en Israel. Como la mayor\u00eda de los israel\u00edes, fui criada bajo la creencia que todos los no jud\u00edos nos odian, porque<\/p>\n\t\t<\/div>\n\t\t\n\t\t<a class=\"elementor-post__read-more\" href=\"https:\/\/almaschool.org\/es\/la-guerra-en-israel-desde-una-perspectiva-mas-elevada\/\" aria-label=\"M\u00e1s informaci\u00f3n sobre La Guerra en Israel desde una Perspectiva m\u00e1s Elevada\" tabindex=\"-1\" target=\"_blank\">\n\t\t\tLeer m\u00e1s \u00bb\t\t<\/a>\n\n\t\t\t\t<\/div>\n\t\t\t\t\t<\/div>\n\t\t<\/article>\n\t\t\t\t<article class=\"elementor-post elementor-grid-item post-16885 post type-post status-publish format-standard has-post-thumbnail hentry category-articulos\" role=\"listitem\">\n\t\t\t<div class=\"elementor-post__card\">\n\t\t\t\t<a class=\"elementor-post__thumbnail__link\" href=\"https:\/\/almaschool.org\/es\/el-caballo-de-troya-del-odio\/\" tabindex=\"-1\" target=\"_blank\"><div class=\"elementor-post__thumbnail\"><img loading=\"lazy\" decoding=\"async\" width=\"1800\" height=\"1128\" src=\"https:\/\/almaschool.org\/wp-content\/uploads\/2025\/06\/\u05e1\u05d5\u05e1-\u05d8\u05e8\u05d5\u05d9\u05d0\u05e0\u05d9_\u05d0\u05ea\u05e8.jpg\" class=\"attachment-full size-full wp-image-9275\" alt=\"\" srcset=\"https:\/\/almaschool.org\/wp-content\/uploads\/2025\/06\/\u05e1\u05d5\u05e1-\u05d8\u05e8\u05d5\u05d9\u05d0\u05e0\u05d9_\u05d0\u05ea\u05e8.jpg 1800w, https:\/\/almaschool.org\/wp-content\/uploads\/2025\/06\/\u05e1\u05d5\u05e1-\u05d8\u05e8\u05d5\u05d9\u05d0\u05e0\u05d9_\u05d0\u05ea\u05e8-300x188.jpg 300w, https:\/\/almaschool.org\/wp-content\/uploads\/2025\/06\/\u05e1\u05d5\u05e1-\u05d8\u05e8\u05d5\u05d9\u05d0\u05e0\u05d9_\u05d0\u05ea\u05e8-1024x642.jpg 1024w, https:\/\/almaschool.org\/wp-content\/uploads\/2025\/06\/\u05e1\u05d5\u05e1-\u05d8\u05e8\u05d5\u05d9\u05d0\u05e0\u05d9_\u05d0\u05ea\u05e8-768x481.jpg 768w, https:\/\/almaschool.org\/wp-content\/uploads\/2025\/06\/\u05e1\u05d5\u05e1-\u05d8\u05e8\u05d5\u05d9\u05d0\u05e0\u05d9_\u05d0\u05ea\u05e8-1536x963.jpg 1536w\" sizes=\"(max-width: 1800px) 100vw, 1800px\" \/><\/div><\/a>\n\t\t\t\t<div class=\"elementor-post__text\">\n\t\t\t\t<h3 class=\"elementor-post__title\">\n\t\t\t<a href=\"https:\/\/almaschool.org\/es\/el-caballo-de-troya-del-odio\/\" target=&quot;_blank&quot;>\n\t\t\t\tEl Caballo de Troya del Odio\t\t\t<\/a>\n\t\t<\/h3>\n\t\t\t\t<div class=\"elementor-post__excerpt\">\n\t\t\t<p>Una vez que dejamos entrar el odio, este nos destruye secretamente desde dentro.<\/p>\n\t\t<\/div>\n\t\t\n\t\t<a class=\"elementor-post__read-more\" href=\"https:\/\/almaschool.org\/es\/el-caballo-de-troya-del-odio\/\" aria-label=\"M\u00e1s informaci\u00f3n sobre El Caballo de Troya del Odio\" tabindex=\"-1\" target=\"_blank\">\n\t\t\tLeer m\u00e1s \u00bb\t\t<\/a>\n\n\t\t\t\t<\/div>\n\t\t\t\t\t<\/div>\n\t\t<\/article>\n\t\t\t\t<article class=\"elementor-post elementor-grid-item post-14810 post type-post status-publish format-standard has-post-thumbnail hentry category-articulos\" role=\"listitem\">\n\t\t\t<div class=\"elementor-post__card\">\n\t\t\t\t<a class=\"elementor-post__thumbnail__link\" href=\"https:\/\/almaschool.org\/es\/no-tomaras-el-nombre-del-espiritu-en-vano\/\" tabindex=\"-1\" target=\"_blank\"><div class=\"elementor-post__thumbnail\"><img loading=\"lazy\" decoding=\"async\" width=\"1800\" height=\"1128\" src=\"https:\/\/almaschool.org\/wp-content\/uploads\/2025\/06\/\u05dc\u05d0-\u05ea\u05d9\u05e9\u05d0-\u05e9\u05dd-\u05d4\u05e8\u05d5\u05d7_\u05d0\u05ea\u05e8.jpg\" class=\"attachment-full size-full wp-image-9263\" alt=\"\" srcset=\"https:\/\/almaschool.org\/wp-content\/uploads\/2025\/06\/\u05dc\u05d0-\u05ea\u05d9\u05e9\u05d0-\u05e9\u05dd-\u05d4\u05e8\u05d5\u05d7_\u05d0\u05ea\u05e8.jpg 1800w, https:\/\/almaschool.org\/wp-content\/uploads\/2025\/06\/\u05dc\u05d0-\u05ea\u05d9\u05e9\u05d0-\u05e9\u05dd-\u05d4\u05e8\u05d5\u05d7_\u05d0\u05ea\u05e8-300x188.jpg 300w, https:\/\/almaschool.org\/wp-content\/uploads\/2025\/06\/\u05dc\u05d0-\u05ea\u05d9\u05e9\u05d0-\u05e9\u05dd-\u05d4\u05e8\u05d5\u05d7_\u05d0\u05ea\u05e8-1024x642.jpg 1024w, https:\/\/almaschool.org\/wp-content\/uploads\/2025\/06\/\u05dc\u05d0-\u05ea\u05d9\u05e9\u05d0-\u05e9\u05dd-\u05d4\u05e8\u05d5\u05d7_\u05d0\u05ea\u05e8-768x481.jpg 768w, https:\/\/almaschool.org\/wp-content\/uploads\/2025\/06\/\u05dc\u05d0-\u05ea\u05d9\u05e9\u05d0-\u05e9\u05dd-\u05d4\u05e8\u05d5\u05d7_\u05d0\u05ea\u05e8-1536x963.jpg 1536w\" sizes=\"(max-width: 1800px) 100vw, 1800px\" \/><\/div><\/a>\n\t\t\t\t<div class=\"elementor-post__text\">\n\t\t\t\t<h3 class=\"elementor-post__title\">\n\t\t\t<a href=\"https:\/\/almaschool.org\/es\/no-tomaras-el-nombre-del-espiritu-en-vano\/\" target=&quot;_blank&quot;>\n\t\t\t\tNo tomar\u00e1s el Nombre del Esp\u00edritu en Vano\t\t\t<\/a>\n\t\t<\/h3>\n\t\t\t\t<div class=\"elementor-post__excerpt\">\n\t\t\t<p>\u00bfQu\u00e9 Significa Esto?<\/p>\n\t\t<\/div>\n\t\t\n\t\t<a class=\"elementor-post__read-more\" href=\"https:\/\/almaschool.org\/es\/no-tomaras-el-nombre-del-espiritu-en-vano\/\" aria-label=\"M\u00e1s informaci\u00f3n sobre No tomar\u00e1s el Nombre del Esp\u00edritu en Vano\" tabindex=\"-1\" target=\"_blank\">\n\t\t\tLeer m\u00e1s \u00bb\t\t<\/a>\n\n\t\t\t\t<\/div>\n\t\t\t\t\t<\/div>\n\t\t<\/article>\n\t\t\t\t<article class=\"elementor-post elementor-grid-item post-16883 post type-post status-publish format-standard has-post-thumbnail hentry category-articulos\" role=\"listitem\">\n\t\t\t<div class=\"elementor-post__card\">\n\t\t\t\t<a class=\"elementor-post__thumbnail__link\" href=\"https:\/\/almaschool.org\/es\/actua-dios-de-forma-injusta\/\" tabindex=\"-1\" target=\"_blank\"><div class=\"elementor-post__thumbnail\"><img loading=\"lazy\" decoding=\"async\" width=\"1800\" height=\"1128\" src=\"https:\/\/almaschool.org\/wp-content\/uploads\/2025\/05\/5.jpg\" class=\"attachment-full size-full wp-image-8705\" alt=\"\" srcset=\"https:\/\/almaschool.org\/wp-content\/uploads\/2025\/05\/5.jpg 1800w, https:\/\/almaschool.org\/wp-content\/uploads\/2025\/05\/5-300x188.jpg 300w, https:\/\/almaschool.org\/wp-content\/uploads\/2025\/05\/5-1024x642.jpg 1024w, https:\/\/almaschool.org\/wp-content\/uploads\/2025\/05\/5-768x481.jpg 768w, https:\/\/almaschool.org\/wp-content\/uploads\/2025\/05\/5-1536x963.jpg 1536w\" sizes=\"(max-width: 1800px) 100vw, 1800px\" \/><\/div><\/a>\n\t\t\t\t<div class=\"elementor-post__text\">\n\t\t\t\t<h3 class=\"elementor-post__title\">\n\t\t\t<a href=\"https:\/\/almaschool.org\/es\/actua-dios-de-forma-injusta\/\" target=&quot;_blank&quot;>\n\t\t\t\t\u00bfAct\u00faa Dios de Forma Injusta?\t\t\t<\/a>\n\t\t<\/h3>\n\t\t\t\t<div class=\"elementor-post__excerpt\">\n\t\t\t<p>\u00bfAlguna vez te has preguntado si existe la verdadera injusticia en nuestro mundo? Para aquellos que comprenden profundamente el funcionamiento de las Leyes de la<\/p>\n\t\t<\/div>\n\t\t\n\t\t<a class=\"elementor-post__read-more\" href=\"https:\/\/almaschool.org\/es\/actua-dios-de-forma-injusta\/\" aria-label=\"M\u00e1s informaci\u00f3n sobre \u00bfAct\u00faa Dios de Forma Injusta?\" tabindex=\"-1\" target=\"_blank\">\n\t\t\tLeer m\u00e1s \u00bb\t\t<\/a>\n\n\t\t\t\t<\/div>\n\t\t\t\t\t<\/div>\n\t\t<\/article>\n\t\t\t\t<article class=\"elementor-post elementor-grid-item post-16705 post type-post status-publish format-standard has-post-thumbnail hentry category-articulos\" role=\"listitem\">\n\t\t\t<div class=\"elementor-post__card\">\n\t\t\t\t<a class=\"elementor-post__thumbnail__link\" href=\"https:\/\/almaschool.org\/es\/mas-alla-de-las-drogas-y-los-programas-la-solucion-espiritual-para-la-verdadera-sanacion\/\" tabindex=\"-1\" target=\"_blank\"><div class=\"elementor-post__thumbnail\"><img loading=\"lazy\" decoding=\"async\" width=\"1800\" height=\"1128\" src=\"https:\/\/almaschool.org\/wp-content\/uploads\/2025\/05\/1.jpg\" class=\"attachment-full size-full wp-image-8718\" alt=\"\" srcset=\"https:\/\/almaschool.org\/wp-content\/uploads\/2025\/05\/1.jpg 1800w, https:\/\/almaschool.org\/wp-content\/uploads\/2025\/05\/1-300x188.jpg 300w, https:\/\/almaschool.org\/wp-content\/uploads\/2025\/05\/1-1024x642.jpg 1024w, https:\/\/almaschool.org\/wp-content\/uploads\/2025\/05\/1-768x481.jpg 768w, https:\/\/almaschool.org\/wp-content\/uploads\/2025\/05\/1-1536x963.jpg 1536w\" sizes=\"(max-width: 1800px) 100vw, 1800px\" \/><\/div><\/a>\n\t\t\t\t<div class=\"elementor-post__text\">\n\t\t\t\t<h3 class=\"elementor-post__title\">\n\t\t\t<a href=\"https:\/\/almaschool.org\/es\/mas-alla-de-las-drogas-y-los-programas-la-solucion-espiritual-para-la-verdadera-sanacion\/\" target=&quot;_blank&quot;>\n\t\t\t\tM\u00e1s all\u00e1 de las Drogas y los Programas: La Soluci\u00f3n Espiritual para la Verdadera Sanaci\u00f3n\t\t\t<\/a>\n\t\t<\/h3>\n\t\t\t\t<div class=\"elementor-post__excerpt\">\n\t\t\t<p>Una pregunta que me hizo un nuevo estudiante en la Escuela Alma, que considero apropiado responder p\u00fablicamente, ya que creo que la respuesta puede beneficiar<\/p>\n\t\t<\/div>\n\t\t\n\t\t<a class=\"elementor-post__read-more\" href=\"https:\/\/almaschool.org\/es\/mas-alla-de-las-drogas-y-los-programas-la-solucion-espiritual-para-la-verdadera-sanacion\/\" aria-label=\"M\u00e1s informaci\u00f3n sobre M\u00e1s all\u00e1 de las Drogas y los Programas: La Soluci\u00f3n Espiritual para la Verdadera Sanaci\u00f3n\" tabindex=\"-1\" target=\"_blank\">\n\t\t\tLeer m\u00e1s \u00bb\t\t<\/a>\n\n\t\t\t\t<\/div>\n\t\t\t\t\t<\/div>\n\t\t<\/article>\n\t\t\t\t<article class=\"elementor-post elementor-grid-item post-16707 post type-post status-publish format-standard has-post-thumbnail hentry category-articulos\" role=\"listitem\">\n\t\t\t<div class=\"elementor-post__card\">\n\t\t\t\t<a class=\"elementor-post__thumbnail__link\" href=\"https:\/\/almaschool.org\/es\/quien-es-responsable-de-los-incendios-forestales-que-arrasan-el-mundo\/\" tabindex=\"-1\" target=\"_blank\"><div class=\"elementor-post__thumbnail\"><img loading=\"lazy\" decoding=\"async\" width=\"1800\" height=\"1128\" src=\"https:\/\/almaschool.org\/wp-content\/uploads\/2025\/05\/6.jpg\" class=\"attachment-full size-full wp-image-8731\" alt=\"\" srcset=\"https:\/\/almaschool.org\/wp-content\/uploads\/2025\/05\/6.jpg 1800w, https:\/\/almaschool.org\/wp-content\/uploads\/2025\/05\/6-300x188.jpg 300w, https:\/\/almaschool.org\/wp-content\/uploads\/2025\/05\/6-1024x642.jpg 1024w, https:\/\/almaschool.org\/wp-content\/uploads\/2025\/05\/6-768x481.jpg 768w, https:\/\/almaschool.org\/wp-content\/uploads\/2025\/05\/6-1536x963.jpg 1536w\" sizes=\"(max-width: 1800px) 100vw, 1800px\" \/><\/div><\/a>\n\t\t\t\t<div class=\"elementor-post__text\">\n\t\t\t\t<h3 class=\"elementor-post__title\">\n\t\t\t<a href=\"https:\/\/almaschool.org\/es\/quien-es-responsable-de-los-incendios-forestales-que-arrasan-el-mundo\/\" target=&quot;_blank&quot;>\n\t\t\t\t\u00bfQui\u00e9n es Responsable de los Incendios Forestales que Arrasan el Mundo?\t\t\t<\/a>\n\t\t<\/h3>\n\t\t\t\t<div class=\"elementor-post__excerpt\">\n\t\t\t<p>Desde los devastadores incendios en Texas y California hasta los mortales incendios en Australia, y desde los extensos incendios forestales en Canad\u00e1 hasta los incendios<\/p>\n\t\t<\/div>\n\t\t\n\t\t<a class=\"elementor-post__read-more\" href=\"https:\/\/almaschool.org\/es\/quien-es-responsable-de-los-incendios-forestales-que-arrasan-el-mundo\/\" aria-label=\"M\u00e1s informaci\u00f3n sobre \u00bfQui\u00e9n es Responsable de los Incendios Forestales que Arrasan el Mundo?\" tabindex=\"-1\" target=\"_blank\">\n\t\t\tLeer m\u00e1s \u00bb\t\t<\/a>\n\n\t\t\t\t<\/div>\n\t\t\t\t\t<\/div>\n\t\t<\/article>\n\t\t\t\t<article class=\"elementor-post elementor-grid-item post-16709 post type-post status-publish format-standard has-post-thumbnail hentry category-articulos\" role=\"listitem\">\n\t\t\t<div class=\"elementor-post__card\">\n\t\t\t\t<a class=\"elementor-post__thumbnail__link\" href=\"https:\/\/almaschool.org\/es\/escapar-verdaderamente-de-la-matrix\/\" tabindex=\"-1\" target=\"_blank\"><div class=\"elementor-post__thumbnail\"><img loading=\"lazy\" decoding=\"async\" width=\"1800\" height=\"1128\" src=\"https:\/\/almaschool.org\/wp-content\/uploads\/2025\/05\/4.jpg\" class=\"attachment-full size-full wp-image-8691\" alt=\"\" srcset=\"https:\/\/almaschool.org\/wp-content\/uploads\/2025\/05\/4.jpg 1800w, https:\/\/almaschool.org\/wp-content\/uploads\/2025\/05\/4-300x188.jpg 300w, https:\/\/almaschool.org\/wp-content\/uploads\/2025\/05\/4-1024x642.jpg 1024w, https:\/\/almaschool.org\/wp-content\/uploads\/2025\/05\/4-768x481.jpg 768w, https:\/\/almaschool.org\/wp-content\/uploads\/2025\/05\/4-1536x963.jpg 1536w\" sizes=\"(max-width: 1800px) 100vw, 1800px\" \/><\/div><\/a>\n\t\t\t\t<div class=\"elementor-post__text\">\n\t\t\t\t<h3 class=\"elementor-post__title\">\n\t\t\t<a href=\"https:\/\/almaschool.org\/es\/escapar-verdaderamente-de-la-matrix\/\" target=&quot;_blank&quot;>\n\t\t\t\tEscapar Verdaderamente de la Matrix\t\t\t<\/a>\n\t\t<\/h3>\n\t\t\t\t<div class=\"elementor-post__excerpt\">\n\t\t\t<p>El Fin de los D\u00edas y la Nueva Era traen consigo muchas despedidas y separaciones. La primera de estas divisiones surgi\u00f3 durante la pandemia de<\/p>\n\t\t<\/div>\n\t\t\n\t\t<a class=\"elementor-post__read-more\" href=\"https:\/\/almaschool.org\/es\/escapar-verdaderamente-de-la-matrix\/\" aria-label=\"M\u00e1s informaci\u00f3n sobre Escapar Verdaderamente de la Matrix\" tabindex=\"-1\" target=\"_blank\">\n\t\t\tLeer m\u00e1s \u00bb\t\t<\/a>\n\n\t\t\t\t<\/div>\n\t\t\t\t\t<\/div>\n\t\t<\/article>\n\t\t\t\t<article class=\"elementor-post elementor-grid-item post-16280 post type-post status-publish format-standard has-post-thumbnail hentry category-articulos\" role=\"listitem\">\n\t\t\t<div class=\"elementor-post__card\">\n\t\t\t\t<a class=\"elementor-post__thumbnail__link\" href=\"https:\/\/almaschool.org\/es\/mas-alla-del-cerco\/\" tabindex=\"-1\" target=\"_blank\"><div class=\"elementor-post__thumbnail\"><img loading=\"lazy\" decoding=\"async\" width=\"1600\" height=\"1002\" src=\"https:\/\/almaschool.org\/wp-content\/uploads\/2025\/05\/WhatsApp-Image-2025-05-05-at-13.42.50.jpeg\" class=\"attachment-full size-full wp-image-8676\" alt=\"\" srcset=\"https:\/\/almaschool.org\/wp-content\/uploads\/2025\/05\/WhatsApp-Image-2025-05-05-at-13.42.50.jpeg 1600w, https:\/\/almaschool.org\/wp-content\/uploads\/2025\/05\/WhatsApp-Image-2025-05-05-at-13.42.50-300x188.jpeg 300w, https:\/\/almaschool.org\/wp-content\/uploads\/2025\/05\/WhatsApp-Image-2025-05-05-at-13.42.50-1024x641.jpeg 1024w, https:\/\/almaschool.org\/wp-content\/uploads\/2025\/05\/WhatsApp-Image-2025-05-05-at-13.42.50-768x481.jpeg 768w, https:\/\/almaschool.org\/wp-content\/uploads\/2025\/05\/WhatsApp-Image-2025-05-05-at-13.42.50-1536x962.jpeg 1536w\" sizes=\"(max-width: 1600px) 100vw, 1600px\" \/><\/div><\/a>\n\t\t\t\t<div class=\"elementor-post__text\">\n\t\t\t\t<h3 class=\"elementor-post__title\">\n\t\t\t<a href=\"https:\/\/almaschool.org\/es\/mas-alla-del-cerco\/\" target=&quot;_blank&quot;>\n\t\t\t\tM\u00e1s all\u00e1 del Cerco\t\t\t<\/a>\n\t\t<\/h3>\n\t\t\t\t<div class=\"elementor-post__excerpt\">\n\t\t\t<p>M\u00e1s all\u00e1 del Cerco: Una Par\u00e1bola del Miedo, la Fe y los Lobos que Nos Rodean<\/p>\n\t\t<\/div>\n\t\t\n\t\t<a class=\"elementor-post__read-more\" href=\"https:\/\/almaschool.org\/es\/mas-alla-del-cerco\/\" aria-label=\"M\u00e1s informaci\u00f3n sobre M\u00e1s all\u00e1 del Cerco\" tabindex=\"-1\" target=\"_blank\">\n\t\t\tLeer m\u00e1s \u00bb\t\t<\/a>\n\n\t\t\t\t<\/div>\n\t\t\t\t\t<\/div>\n\t\t<\/article>\n\t\t\t\t<article class=\"elementor-post elementor-grid-item post-7775 post type-post status-publish format-standard has-post-thumbnail hentry category-articulos\" role=\"listitem\">\n\t\t\t<div class=\"elementor-post__card\">\n\t\t\t\t<a class=\"elementor-post__thumbnail__link\" href=\"https:\/\/almaschool.org\/es\/dinero-y-espiritualidad-segun-las-leyes-de-la-creacion-la-razon-financiera-detras-de-alma-school-for-humanity\/\" tabindex=\"-1\" target=\"_blank\"><div class=\"elementor-post__thumbnail\"><img loading=\"lazy\" decoding=\"async\" width=\"2992\" height=\"1623\" src=\"https:\/\/almaschool.org\/wp-content\/uploads\/2023\/03\/\u05db\u05e1\u05e3-\u05d5\u05e8\u05d5\u05d7\u05e0\u05d9\u05d5\u05ea.png\" class=\"attachment-full size-full wp-image-7776\" alt=\"\" srcset=\"https:\/\/almaschool.org\/wp-content\/uploads\/2023\/03\/\u05db\u05e1\u05e3-\u05d5\u05e8\u05d5\u05d7\u05e0\u05d9\u05d5\u05ea.png 2992w, https:\/\/almaschool.org\/wp-content\/uploads\/2023\/03\/\u05db\u05e1\u05e3-\u05d5\u05e8\u05d5\u05d7\u05e0\u05d9\u05d5\u05ea-600x325.png 600w, https:\/\/almaschool.org\/wp-content\/uploads\/2023\/03\/\u05db\u05e1\u05e3-\u05d5\u05e8\u05d5\u05d7\u05e0\u05d9\u05d5\u05ea-300x163.png 300w, https:\/\/almaschool.org\/wp-content\/uploads\/2023\/03\/\u05db\u05e1\u05e3-\u05d5\u05e8\u05d5\u05d7\u05e0\u05d9\u05d5\u05ea-1024x555.png 1024w, https:\/\/almaschool.org\/wp-content\/uploads\/2023\/03\/\u05db\u05e1\u05e3-\u05d5\u05e8\u05d5\u05d7\u05e0\u05d9\u05d5\u05ea-768x417.png 768w, https:\/\/almaschool.org\/wp-content\/uploads\/2023\/03\/\u05db\u05e1\u05e3-\u05d5\u05e8\u05d5\u05d7\u05e0\u05d9\u05d5\u05ea-1536x833.png 1536w, https:\/\/almaschool.org\/wp-content\/uploads\/2023\/03\/\u05db\u05e1\u05e3-\u05d5\u05e8\u05d5\u05d7\u05e0\u05d9\u05d5\u05ea-2048x1111.png 2048w\" sizes=\"(max-width: 2992px) 100vw, 2992px\" \/><\/div><\/a>\n\t\t\t\t<div class=\"elementor-post__text\">\n\t\t\t\t<h3 class=\"elementor-post__title\">\n\t\t\t<a href=\"https:\/\/almaschool.org\/es\/dinero-y-espiritualidad-segun-las-leyes-de-la-creacion-la-razon-financiera-detras-de-alma-school-for-humanity\/\" target=&quot;_blank&quot;>\n\t\t\t\tDinero y Espiritualidad seg\u00fan las Leyes de la Creaci\u00f3n. El razonamiento Financiero Detr\u00e1s de Alma School for Humanity\t\t\t<\/a>\n\t\t<\/h3>\n\t\t\t\t<div class=\"elementor-post__excerpt\">\n\t\t\t<p>A menudo uno se pregunta cu\u00e1l es la actitud correcta hacia el dinero y la adquisici\u00f3n de posesiones terrenales para la persona que busca el desarrollo espiritual.<\/p>\n\t\t<\/div>\n\t\t\n\t\t<a class=\"elementor-post__read-more\" href=\"https:\/\/almaschool.org\/es\/dinero-y-espiritualidad-segun-las-leyes-de-la-creacion-la-razon-financiera-detras-de-alma-school-for-humanity\/\" aria-label=\"M\u00e1s informaci\u00f3n sobre Dinero y Espiritualidad seg\u00fan las Leyes de la Creaci\u00f3n. El razonamiento Financiero Detr\u00e1s de Alma School for Humanity\" tabindex=\"-1\" target=\"_blank\">\n\t\t\tLeer m\u00e1s \u00bb\t\t<\/a>\n\n\t\t\t\t<\/div>\n\t\t\t\t\t<\/div>\n\t\t<\/article>\n\t\t\t\t<\/div>\n\t\t\n\t\t\t\t\t\t<\/div>\n\t\t\t\t<\/div>\n\t\t\t\t<\/div>\n\t\t\t\t\t<\/div>\n\t\t\t\t<\/div>\n\t\t<div class=\"elementor-element elementor-element-553c3dd e-flex e-con-boxed e-con e-parent\" data-id=\"553c3dd\" data-element_type=\"container\" data-e-type=\"container\">\n\t\t\t\t\t<div class=\"e-con-inner\">\n\t\t<div class=\"elementor-element elementor-element-fc4ed44 e-con-full e-flex e-con e-child\" data-id=\"fc4ed44\" data-element_type=\"container\" data-e-type=\"container\">\n\t\t\t\t<div class=\"elementor-element elementor-element-6088b22 elementor-widget elementor-widget-heading\" data-id=\"6088b22\" data-element_type=\"widget\" data-e-type=\"widget\" id=\"BIBLE\" data-widget_type=\"heading.default\">\n\t\t\t\t<div class=\"elementor-widget-container\">\n\t\t\t\t\t<h2 class=\"elementor-heading-title elementor-size-default\">Relatos B\u00edblicos como C\u00f3digos para Descifrar la Realidad del Mundo Actual<\/h2>\t\t\t\t<\/div>\n\t\t\t\t<\/div>\n\t\t\t\t<div class=\"elementor-element elementor-element-fdb14bb elementor-grid-3 elementor-grid-tablet-2 elementor-grid-mobile-1 elementor-posts--thumbnail-top elementor-card-shadow-yes elementor-posts__hover-gradient elementor-widget elementor-widget-posts\" data-id=\"fdb14bb\" data-element_type=\"widget\" data-e-type=\"widget\" data-settings=\"{&quot;cards_columns&quot;:&quot;3&quot;,&quot;cards_columns_tablet&quot;:&quot;2&quot;,&quot;cards_columns_mobile&quot;:&quot;1&quot;,&quot;cards_row_gap&quot;:{&quot;unit&quot;:&quot;px&quot;,&quot;size&quot;:35,&quot;sizes&quot;:[]},&quot;cards_row_gap_tablet&quot;:{&quot;unit&quot;:&quot;px&quot;,&quot;size&quot;:&quot;&quot;,&quot;sizes&quot;:[]},&quot;cards_row_gap_mobile&quot;:{&quot;unit&quot;:&quot;px&quot;,&quot;size&quot;:&quot;&quot;,&quot;sizes&quot;:[]}}\" data-widget_type=\"posts.cards\">\n\t\t\t\t<div class=\"elementor-widget-container\">\n\t\t\t\t\t\t\t<div class=\"elementor-posts-container elementor-posts elementor-posts--skin-cards elementor-grid\" role=\"list\">\n\t\t\t\t<article class=\"elementor-post elementor-grid-item post-5625 post type-post status-publish format-standard has-post-thumbnail hentry category-articulos tag-codigo\" role=\"listitem\">\n\t\t\t<div class=\"elementor-post__card\">\n\t\t\t\t<a class=\"elementor-post__thumbnail__link\" href=\"https:\/\/almaschool.org\/es\/parte-1-introduccion-del-estado-global-actual-y-los-codigos-del-genesis\/\" tabindex=\"-1\" target=\"_blank\"><div class=\"elementor-post__thumbnail\"><img loading=\"lazy\" decoding=\"async\" width=\"300\" height=\"188\" src=\"https:\/\/almaschool.org\/wp-content\/uploads\/2023\/05\/\u05e7\u05d8\u05df-1-\u05d7\u05dc\u05e7-\u05d0-\u05e1\u05d9\u05e4\u05d5\u05e8\u05d9-\u05d4\u05ea\u05d5\u05e8\u05d4-\u05db\u05e7\u05d5\u05d3\u05d9\u05dd-300x188.jpg\" class=\"attachment-medium size-medium wp-image-5628\" alt=\"\" srcset=\"https:\/\/almaschool.org\/wp-content\/uploads\/2023\/05\/\u05e7\u05d8\u05df-1-\u05d7\u05dc\u05e7-\u05d0-\u05e1\u05d9\u05e4\u05d5\u05e8\u05d9-\u05d4\u05ea\u05d5\u05e8\u05d4-\u05db\u05e7\u05d5\u05d3\u05d9\u05dd-300x188.jpg 300w, https:\/\/almaschool.org\/wp-content\/uploads\/2023\/05\/\u05e7\u05d8\u05df-1-\u05d7\u05dc\u05e7-\u05d0-\u05e1\u05d9\u05e4\u05d5\u05e8\u05d9-\u05d4\u05ea\u05d5\u05e8\u05d4-\u05db\u05e7\u05d5\u05d3\u05d9\u05dd-600x376.jpg 600w, https:\/\/almaschool.org\/wp-content\/uploads\/2023\/05\/\u05e7\u05d8\u05df-1-\u05d7\u05dc\u05e7-\u05d0-\u05e1\u05d9\u05e4\u05d5\u05e8\u05d9-\u05d4\u05ea\u05d5\u05e8\u05d4-\u05db\u05e7\u05d5\u05d3\u05d9\u05dd-1024x642.jpg 1024w, https:\/\/almaschool.org\/wp-content\/uploads\/2023\/05\/\u05e7\u05d8\u05df-1-\u05d7\u05dc\u05e7-\u05d0-\u05e1\u05d9\u05e4\u05d5\u05e8\u05d9-\u05d4\u05ea\u05d5\u05e8\u05d4-\u05db\u05e7\u05d5\u05d3\u05d9\u05dd-768x481.jpg 768w, https:\/\/almaschool.org\/wp-content\/uploads\/2023\/05\/\u05e7\u05d8\u05df-1-\u05d7\u05dc\u05e7-\u05d0-\u05e1\u05d9\u05e4\u05d5\u05e8\u05d9-\u05d4\u05ea\u05d5\u05e8\u05d4-\u05db\u05e7\u05d5\u05d3\u05d9\u05dd-1536x963.jpg 1536w, https:\/\/almaschool.org\/wp-content\/uploads\/2023\/05\/\u05e7\u05d8\u05df-1-\u05d7\u05dc\u05e7-\u05d0-\u05e1\u05d9\u05e4\u05d5\u05e8\u05d9-\u05d4\u05ea\u05d5\u05e8\u05d4-\u05db\u05e7\u05d5\u05d3\u05d9\u05dd.jpg 1800w\" sizes=\"(max-width: 300px) 100vw, 300px\" \/><\/div><\/a>\n\t\t\t\t<div class=\"elementor-post__text\">\n\t\t\t\t<h3 class=\"elementor-post__title\">\n\t\t\t<a href=\"https:\/\/almaschool.org\/es\/parte-1-introduccion-del-estado-global-actual-y-los-codigos-del-genesis\/\" target=&quot;_blank&quot;>\n\t\t\t\tParte 1 : Introducci\u00f3n del Estado Global Actual y los C\u00f3digos del G\u00e9nesis.\t\t\t<\/a>\n\t\t<\/h3>\n\t\t\t\t<div class=\"elementor-post__excerpt\">\n\t\t\t<p>La primera conferencia de esta serie aborda algunas de las historias b\u00edblicas m\u00e1s conocidas, que no son meramente relatos hist\u00f3ricos, sino que son principalmente c\u00f3digos.<\/p>\n\t\t<\/div>\n\t\t\n\t\t<a class=\"elementor-post__read-more\" href=\"https:\/\/almaschool.org\/es\/parte-1-introduccion-del-estado-global-actual-y-los-codigos-del-genesis\/\" aria-label=\"M\u00e1s informaci\u00f3n sobre Parte 1 : Introducci\u00f3n del Estado Global Actual y los C\u00f3digos del G\u00e9nesis.\" tabindex=\"-1\" target=\"_blank\">\n\t\t\tLeer m\u00e1s \u00bb\t\t<\/a>\n\n\t\t\t\t<\/div>\n\t\t\t\t\t<\/div>\n\t\t<\/article>\n\t\t\t\t<article class=\"elementor-post elementor-grid-item post-5501 post type-post status-publish format-standard has-post-thumbnail hentry category-articulos tag-codigo\" role=\"listitem\">\n\t\t\t<div class=\"elementor-post__card\">\n\t\t\t\t<a class=\"elementor-post__thumbnail__link\" href=\"https:\/\/almaschool.org\/es\/segunda-parte-el-codigo-de-la-torre-de-babel\/\" tabindex=\"-1\" target=\"_blank\"><div class=\"elementor-post__thumbnail\"><img loading=\"lazy\" decoding=\"async\" width=\"300\" height=\"156\" src=\"https:\/\/almaschool.org\/wp-content\/uploads\/2023\/05\/\u05e7\u05d8\u05df-\u05d7\u05dc\u05e7-\u05d1-\u05e1\u05d9\u05e4\u05d5\u05e8\u05d9-\u05d4\u05ea\u05d5\u05e8\u05d4-\u05db\u05e7\u05d5\u05d3\u05d9\u05dd_\u05de\u05d2\u05d3\u05dc-\u05d1\u05d1\u05dc-300x156.jpg\" class=\"attachment-medium size-medium wp-image-5502\" alt=\"\" srcset=\"https:\/\/almaschool.org\/wp-content\/uploads\/2023\/05\/\u05e7\u05d8\u05df-\u05d7\u05dc\u05e7-\u05d1-\u05e1\u05d9\u05e4\u05d5\u05e8\u05d9-\u05d4\u05ea\u05d5\u05e8\u05d4-\u05db\u05e7\u05d5\u05d3\u05d9\u05dd_\u05de\u05d2\u05d3\u05dc-\u05d1\u05d1\u05dc-300x156.jpg 300w, https:\/\/almaschool.org\/wp-content\/uploads\/2023\/05\/\u05e7\u05d8\u05df-\u05d7\u05dc\u05e7-\u05d1-\u05e1\u05d9\u05e4\u05d5\u05e8\u05d9-\u05d4\u05ea\u05d5\u05e8\u05d4-\u05db\u05e7\u05d5\u05d3\u05d9\u05dd_\u05de\u05d2\u05d3\u05dc-\u05d1\u05d1\u05dc-600x312.jpg 600w, https:\/\/almaschool.org\/wp-content\/uploads\/2023\/05\/\u05e7\u05d8\u05df-\u05d7\u05dc\u05e7-\u05d1-\u05e1\u05d9\u05e4\u05d5\u05e8\u05d9-\u05d4\u05ea\u05d5\u05e8\u05d4-\u05db\u05e7\u05d5\u05d3\u05d9\u05dd_\u05de\u05d2\u05d3\u05dc-\u05d1\u05d1\u05dc-1024x532.jpg 1024w, https:\/\/almaschool.org\/wp-content\/uploads\/2023\/05\/\u05e7\u05d8\u05df-\u05d7\u05dc\u05e7-\u05d1-\u05e1\u05d9\u05e4\u05d5\u05e8\u05d9-\u05d4\u05ea\u05d5\u05e8\u05d4-\u05db\u05e7\u05d5\u05d3\u05d9\u05dd_\u05de\u05d2\u05d3\u05dc-\u05d1\u05d1\u05dc-768x399.jpg 768w, https:\/\/almaschool.org\/wp-content\/uploads\/2023\/05\/\u05e7\u05d8\u05df-\u05d7\u05dc\u05e7-\u05d1-\u05e1\u05d9\u05e4\u05d5\u05e8\u05d9-\u05d4\u05ea\u05d5\u05e8\u05d4-\u05db\u05e7\u05d5\u05d3\u05d9\u05dd_\u05de\u05d2\u05d3\u05dc-\u05d1\u05d1\u05dc-1536x799.jpg 1536w, https:\/\/almaschool.org\/wp-content\/uploads\/2023\/05\/\u05e7\u05d8\u05df-\u05d7\u05dc\u05e7-\u05d1-\u05e1\u05d9\u05e4\u05d5\u05e8\u05d9-\u05d4\u05ea\u05d5\u05e8\u05d4-\u05db\u05e7\u05d5\u05d3\u05d9\u05dd_\u05de\u05d2\u05d3\u05dc-\u05d1\u05d1\u05dc.jpg 1900w\" sizes=\"(max-width: 300px) 100vw, 300px\" \/><\/div><\/a>\n\t\t\t\t<div class=\"elementor-post__text\">\n\t\t\t\t<h3 class=\"elementor-post__title\">\n\t\t\t<a href=\"https:\/\/almaschool.org\/es\/segunda-parte-el-codigo-de-la-torre-de-babel\/\" target=&quot;_blank&quot;>\n\t\t\t\tParte 2: El C\u00f3digo de la Torre de Babel\t\t\t<\/a>\n\t\t<\/h3>\n\t\t\t\t<div class=\"elementor-post__excerpt\">\n\t\t\t<p>Este c\u00f3digo trata sobre el deseo arrogante del hombre de ser Dios, de glorificar su propio nombre y de expandir el alcance de su propio poder y control.<\/p>\n\t\t<\/div>\n\t\t\n\t\t<a class=\"elementor-post__read-more\" href=\"https:\/\/almaschool.org\/es\/segunda-parte-el-codigo-de-la-torre-de-babel\/\" aria-label=\"M\u00e1s informaci\u00f3n sobre Parte 2: El C\u00f3digo de la Torre de Babel\" tabindex=\"-1\" target=\"_blank\">\n\t\t\tLeer m\u00e1s \u00bb\t\t<\/a>\n\n\t\t\t\t<\/div>\n\t\t\t\t\t<\/div>\n\t\t<\/article>\n\t\t\t\t<article class=\"elementor-post elementor-grid-item post-5630 post type-post status-publish format-standard has-post-thumbnail hentry category-articulos tag-codigo\" role=\"listitem\">\n\t\t\t<div class=\"elementor-post__card\">\n\t\t\t\t<a class=\"elementor-post__thumbnail__link\" href=\"https:\/\/almaschool.org\/es\/tercera-parte-codigo-de-sodoma-y-gomorra\/\" tabindex=\"-1\" target=\"_blank\"><div class=\"elementor-post__thumbnail\"><img loading=\"lazy\" decoding=\"async\" width=\"200\" height=\"300\" src=\"https:\/\/almaschool.org\/wp-content\/uploads\/2023\/05\/\u05e7\u05d8\u05df-\u05d7\u05dc\u05e7-\u05d2-\u05e1\u05d9\u05e4\u05d5\u05e8\u05d9-\u05d4\u05ea\u05d5\u05e8\u05d4-\u05d1\u05e7\u05d5\u05d3\u05d9\u05dd-200x300.jpg\" class=\"attachment-medium size-medium wp-image-5626\" alt=\"\" srcset=\"https:\/\/almaschool.org\/wp-content\/uploads\/2023\/05\/\u05e7\u05d8\u05df-\u05d7\u05dc\u05e7-\u05d2-\u05e1\u05d9\u05e4\u05d5\u05e8\u05d9-\u05d4\u05ea\u05d5\u05e8\u05d4-\u05d1\u05e7\u05d5\u05d3\u05d9\u05dd-200x300.jpg 200w, https:\/\/almaschool.org\/wp-content\/uploads\/2023\/05\/\u05e7\u05d8\u05df-\u05d7\u05dc\u05e7-\u05d2-\u05e1\u05d9\u05e4\u05d5\u05e8\u05d9-\u05d4\u05ea\u05d5\u05e8\u05d4-\u05d1\u05e7\u05d5\u05d3\u05d9\u05dd-scaled-600x900.jpg 600w, https:\/\/almaschool.org\/wp-content\/uploads\/2023\/05\/\u05e7\u05d8\u05df-\u05d7\u05dc\u05e7-\u05d2-\u05e1\u05d9\u05e4\u05d5\u05e8\u05d9-\u05d4\u05ea\u05d5\u05e8\u05d4-\u05d1\u05e7\u05d5\u05d3\u05d9\u05dd-683x1024.jpg 683w, https:\/\/almaschool.org\/wp-content\/uploads\/2023\/05\/\u05e7\u05d8\u05df-\u05d7\u05dc\u05e7-\u05d2-\u05e1\u05d9\u05e4\u05d5\u05e8\u05d9-\u05d4\u05ea\u05d5\u05e8\u05d4-\u05d1\u05e7\u05d5\u05d3\u05d9\u05dd-768x1152.jpg 768w, https:\/\/almaschool.org\/wp-content\/uploads\/2023\/05\/\u05e7\u05d8\u05df-\u05d7\u05dc\u05e7-\u05d2-\u05e1\u05d9\u05e4\u05d5\u05e8\u05d9-\u05d4\u05ea\u05d5\u05e8\u05d4-\u05d1\u05e7\u05d5\u05d3\u05d9\u05dd-1024x1536.jpg 1024w, https:\/\/almaschool.org\/wp-content\/uploads\/2023\/05\/\u05e7\u05d8\u05df-\u05d7\u05dc\u05e7-\u05d2-\u05e1\u05d9\u05e4\u05d5\u05e8\u05d9-\u05d4\u05ea\u05d5\u05e8\u05d4-\u05d1\u05e7\u05d5\u05d3\u05d9\u05dd-1365x2048.jpg 1365w, https:\/\/almaschool.org\/wp-content\/uploads\/2023\/05\/\u05e7\u05d8\u05df-\u05d7\u05dc\u05e7-\u05d2-\u05e1\u05d9\u05e4\u05d5\u05e8\u05d9-\u05d4\u05ea\u05d5\u05e8\u05d4-\u05d1\u05e7\u05d5\u05d3\u05d9\u05dd-scaled.jpg 1707w\" sizes=\"(max-width: 200px) 100vw, 200px\" \/><\/div><\/a>\n\t\t\t\t<div class=\"elementor-post__text\">\n\t\t\t\t<h3 class=\"elementor-post__title\">\n\t\t\t<a href=\"https:\/\/almaschool.org\/es\/tercera-parte-codigo-de-sodoma-y-gomorra\/\" target=&quot;_blank&quot;>\n\t\t\t\tParte 3: El C\u00f3digo de Sodoma y Gomorra\t\t\t<\/a>\n\t\t<\/h3>\n\t\t\t\t<div class=\"elementor-post__excerpt\">\n\t\t\t<p>Una peque\u00f1a y rica \u00e9lite que constituye aproximadamente el uno por ciento de la poblaci\u00f3n mundial, controla la mayor\u00eda de los recursos econ\u00f3micos de la Tierra, y por lo tanto es capaz de promover cualquier agenda para el control y la dominaci\u00f3n de la poblaci\u00f3n mundial, como fue el caso con la dictadura de la vacuna contra el Covid. <\/p>\n\t\t<\/div>\n\t\t\n\t\t<a class=\"elementor-post__read-more\" href=\"https:\/\/almaschool.org\/es\/tercera-parte-codigo-de-sodoma-y-gomorra\/\" aria-label=\"M\u00e1s informaci\u00f3n sobre Parte 3: El C\u00f3digo de Sodoma y Gomorra\" tabindex=\"-1\" target=\"_blank\">\n\t\t\tLeer m\u00e1s \u00bb\t\t<\/a>\n\n\t\t\t\t<\/div>\n\t\t\t\t\t<\/div>\n\t\t<\/article>\n\t\t\t\t<article class=\"elementor-post elementor-grid-item post-7777 post type-post status-publish format-standard has-post-thumbnail hentry category-articulos tag-codigo\" role=\"listitem\">\n\t\t\t<div class=\"elementor-post__card\">\n\t\t\t\t<a class=\"elementor-post__thumbnail__link\" href=\"https:\/\/almaschool.org\/es\/parte-4-el-codigo-del-exodo-y-resumen\/\" tabindex=\"-1\" target=\"_blank\"><div class=\"elementor-post__thumbnail\"><img loading=\"lazy\" decoding=\"async\" width=\"300\" height=\"200\" src=\"https:\/\/almaschool.org\/wp-content\/uploads\/2023\/05\/\u05e7\u05d8\u05df-\u05d7\u05dc\u05e7-\u05d3-300x200.jpg\" class=\"attachment-medium size-medium wp-image-5627\" alt=\"\" srcset=\"https:\/\/almaschool.org\/wp-content\/uploads\/2023\/05\/\u05e7\u05d8\u05df-\u05d7\u05dc\u05e7-\u05d3-300x200.jpg 300w, https:\/\/almaschool.org\/wp-content\/uploads\/2023\/05\/\u05e7\u05d8\u05df-\u05d7\u05dc\u05e7-\u05d3-600x400.jpg 600w, https:\/\/almaschool.org\/wp-content\/uploads\/2023\/05\/\u05e7\u05d8\u05df-\u05d7\u05dc\u05e7-\u05d3-1024x683.jpg 1024w, https:\/\/almaschool.org\/wp-content\/uploads\/2023\/05\/\u05e7\u05d8\u05df-\u05d7\u05dc\u05e7-\u05d3-768x512.jpg 768w, https:\/\/almaschool.org\/wp-content\/uploads\/2023\/05\/\u05e7\u05d8\u05df-\u05d7\u05dc\u05e7-\u05d3-1536x1024.jpg 1536w, https:\/\/almaschool.org\/wp-content\/uploads\/2023\/05\/\u05e7\u05d8\u05df-\u05d7\u05dc\u05e7-\u05d3.jpg 1900w\" sizes=\"(max-width: 300px) 100vw, 300px\" \/><\/div><\/a>\n\t\t\t\t<div class=\"elementor-post__text\">\n\t\t\t\t<h3 class=\"elementor-post__title\">\n\t\t\t<a href=\"https:\/\/almaschool.org\/es\/parte-4-el-codigo-del-exodo-y-resumen\/\" target=&quot;_blank&quot;>\n\t\t\t\tParte 4: El C\u00f3digo del \u00c9xodo y Resumen\t\t\t<\/a>\n\t\t<\/h3>\n\t\t\t\t<div class=\"elementor-post__excerpt\">\n\t\t\t<p>La historia del \u00c9xodo de Egipto ocurri\u00f3 realmente desde una perspectiva hist\u00f3rica; sin embargo, tambi\u00e9n est\u00e1n entretejidos en ella muchos c\u00f3digos e ideas que pueden arrojar luz sobre el estado actual de la humanidad.<\/p>\n\t\t<\/div>\n\t\t\n\t\t<a class=\"elementor-post__read-more\" href=\"https:\/\/almaschool.org\/es\/parte-4-el-codigo-del-exodo-y-resumen\/\" aria-label=\"M\u00e1s informaci\u00f3n sobre Parte 4: El C\u00f3digo del \u00c9xodo y Resumen\" tabindex=\"-1\" target=\"_blank\">\n\t\t\tLeer m\u00e1s \u00bb\t\t<\/a>\n\n\t\t\t\t<\/div>\n\t\t\t\t\t<\/div>\n\t\t<\/article>\n\t\t\t\t<\/div>\n\t\t\n\t\t\t\t\t\t<\/div>\n\t\t\t\t<\/div>\n\t\t\t\t<\/div>\n\t\t\t\t\t<\/div>\n\t\t\t\t<\/div>\n\t\t<div class=\"elementor-element elementor-element-0fa250a e-flex e-con-boxed e-con e-parent\" data-id=\"0fa250a\" data-element_type=\"container\" data-e-type=\"container\">\n\t\t\t\t\t<div class=\"e-con-inner\">\n\t\t\t\t<div class=\"elementor-element elementor-element-e58bae5 elementor-widget elementor-widget-heading\" data-id=\"e58bae5\" data-element_type=\"widget\" data-e-type=\"widget\" id=\"KARMA\" data-widget_type=\"heading.default\">\n\t\t\t\t<div class=\"elementor-widget-container\">\n\t\t\t\t\t<h2 class=\"elementor-heading-title elementor-size-default\">historias de karma<\/h2>\t\t\t\t<\/div>\n\t\t\t\t<\/div>\n\t\t\t\t\t<\/div>\n\t\t\t\t<\/div>\n\t\t\t\t<\/div>\n\t\t","protected":false},"excerpt":{"rendered":"<p>art\u00edculos e historias de karma<\/p>\n","protected":false},"author":3,"featured_media":0,"parent":0,"menu_order":0,"comment_status":"closed","ping_status":"closed","template":"elementor_header_footer","meta":{"_themeisle_gutenberg_block_has_review":false,"footnotes":"","_members_access_role":[],"_members_access_error":""},"class_list":["post-7729","page","type-page","status-publish","hentry"],"aioseo_notices":[],"aioseo_head":"\n\t\t<!-- All in One SEO 5.0.1.1 - aioseo.com -->\n\t<meta name=\"description\" content=\"La historia del \u00c9xodo de Egipto ocurri\u00f3 realmente desde una perspectiva hist\u00f3rica; sin embargo, tambi\u00e9n est\u00e1n entretejidos en ella muchos c\u00f3digos e ideas que pueden arrojar luz sobre el estado actual de la humanidad.\" \/>\n\t<meta name=\"robots\" content=\"max-image-preview:large\" \/>\n\t<link rel=\"canonical\" href=\"https:\/\/almaschool.org\/es\/parte-4-el-codigo-del-exodo-y-resumen\/\" \/>\n\t<meta name=\"generator\" content=\"All in One SEO (AIOSEO) 5.0.1.1\" \/>\n\t\t<meta property=\"og:locale\" content=\"es_ES\" \/>\n\t\t<meta property=\"og:site_name\" content=\"Alma School for Humanity - Calling for the Human Spirit\" \/>\n\t\t<meta property=\"og:type\" content=\"article\" \/>\n\t\t<meta property=\"og:title\" content=\"Parte 4: El C\u00f3digo del \u00c9xodo y Resumen - Alma School for Humanity\" \/>\n\t\t<meta property=\"og:description\" content=\"La historia del \u00c9xodo de Egipto ocurri\u00f3 realmente desde una perspectiva hist\u00f3rica; sin embargo, tambi\u00e9n est\u00e1n entretejidos en ella muchos c\u00f3digos e ideas que pueden arrojar luz sobre el estado actual de la humanidad.\" \/>\n\t\t<meta property=\"og:url\" content=\"https:\/\/almaschool.org\/es\/parte-4-el-codigo-del-exodo-y-resumen\/\" \/>\n\t\t<meta property=\"og:image\" content=\"https:\/\/almaschool.org\/wp-content\/uploads\/2024\/07\/250X250-\u05d0\u05d9\u05d9\u05e7\u05d5\u05df-\u05dc\u05d0\u05ea\u05e8\u05d9\u05dd.png\" \/>\n\t\t<meta property=\"og:image:secure_url\" content=\"https:\/\/almaschool.org\/wp-content\/uploads\/2024\/07\/250X250-\u05d0\u05d9\u05d9\u05e7\u05d5\u05df-\u05dc\u05d0\u05ea\u05e8\u05d9\u05dd.png\" \/>\n\t\t<meta property=\"og:image:width\" content=\"250\" \/>\n\t\t<meta property=\"og:image:height\" content=\"250\" \/>\n\t\t<meta property=\"article:published_time\" content=\"2023-05-10T16:01:32+00:00\" \/>\n\t\t<meta property=\"article:modified_time\" content=\"2026-06-28T14:52:20+00:00\" \/>\n\t\t<meta name=\"twitter:card\" content=\"summary_large_image\" \/>\n\t\t<meta name=\"twitter:title\" content=\"Parte 4: El C\u00f3digo del \u00c9xodo y Resumen - Alma School for Humanity\" \/>\n\t\t<meta name=\"twitter:description\" content=\"La historia del \u00c9xodo de Egipto ocurri\u00f3 realmente desde una perspectiva hist\u00f3rica; sin embargo, tambi\u00e9n est\u00e1n entretejidos en ella muchos c\u00f3digos e ideas que pueden arrojar luz sobre el estado actual de la humanidad.\" \/>\n\t\t<meta name=\"twitter:image\" content=\"https:\/\/almaschool.org\/wp-content\/uploads\/2024\/07\/250X250-\u05d0\u05d9\u05d9\u05e7\u05d5\u05df-\u05dc\u05d0\u05ea\u05e8\u05d9\u05dd.png\" \/>\n\t\t<script type=\"application\/ld+json\" class=\"aioseo-schema\">\n\t\t\t{\"@context\":\"https:\\\/\\\/schema.org\",\"@graph\":[{\"@type\":\"BlogPosting\",\"@id\":\"https:\\\/\\\/almaschool.org\\\/es\\\/parte-4-el-codigo-del-exodo-y-resumen\\\/#blogposting\",\"name\":\"Parte 4: El C\\u00f3digo del \\u00c9xodo y Resumen - Alma School for Humanity\",\"headline\":\"Parte 4: El C\\u00f3digo del \\u00c9xodo y Resumen\",\"author\":{\"@id\":\"https:\\\/\\\/almaschool.org\\\/es\\\/author\\\/jaguitrabbigmail-com\\\/#author\"},\"publisher\":{\"@id\":\"https:\\\/\\\/almaschool.org\\\/es\\\/#organization\"},\"image\":{\"@type\":\"ImageObject\",\"url\":\"https:\\\/\\\/almaschool.org\\\/wp-content\\\/uploads\\\/2023\\\/05\\\/\\u05e7\\u05d8\\u05df-\\u05d7\\u05dc\\u05e7-\\u05d3.jpg\",\"width\":1900,\"height\":1267},\"datePublished\":\"2023-05-10T19:01:32+03:00\",\"dateModified\":\"2026-06-28T17:52:20+03:00\",\"inLanguage\":\"es-ES\",\"mainEntityOfPage\":{\"@id\":\"https:\\\/\\\/almaschool.org\\\/es\\\/parte-4-el-codigo-del-exodo-y-resumen\\\/#webpage\"},\"isPartOf\":{\"@id\":\"https:\\\/\\\/almaschool.org\\\/es\\\/parte-4-el-codigo-del-exodo-y-resumen\\\/#webpage\"},\"articleSection\":\"Art\\u00edculos, c\\u00f3digo, Opcional\"},{\"@type\":\"BreadcrumbList\",\"@id\":\"https:\\\/\\\/almaschool.org\\\/es\\\/parte-4-el-codigo-del-exodo-y-resumen\\\/#breadcrumblist\",\"itemListElement\":[{\"@type\":\"ListItem\",\"@id\":\"https:\\\/\\\/almaschool.org\\\/es\\\/#listItem\",\"position\":1,\"name\":\"Home\",\"item\":\"https:\\\/\\\/almaschool.org\\\/es\\\/\",\"nextItem\":{\"@type\":\"ListItem\",\"@id\":\"https:\\\/\\\/almaschool.org\\\/es\\\/articulos\\\/#listItem\",\"name\":\"Art\\u00edculos e Historias\"}},{\"@type\":\"ListItem\",\"@id\":\"https:\\\/\\\/almaschool.org\\\/es\\\/articulos\\\/#listItem\",\"position\":2,\"name\":\"Art\\u00edculos e Historias\",\"previousItem\":{\"@type\":\"ListItem\",\"@id\":\"https:\\\/\\\/almaschool.org\\\/es\\\/#listItem\",\"name\":\"Home\"}}]},{\"@type\":\"Organization\",\"@id\":\"https:\\\/\\\/almaschool.org\\\/es\\\/#organization\",\"name\":\"Alma School for Humanity\",\"description\":\"Calling for the Human Spirit\",\"url\":\"https:\\\/\\\/almaschool.org\\\/es\\\/\",\"logo\":{\"@type\":\"ImageObject\",\"url\":\"https:\\\/\\\/almaschool.org\\\/wp-content\\\/uploads\\\/2023\\\/04\\\/ASFH-\\u05e6\\u05d1\\u05e2\\u05d5\\u05e0\\u05d9.png\",\"@id\":\"https:\\\/\\\/almaschool.org\\\/es\\\/parte-4-el-codigo-del-exodo-y-resumen\\\/#organizationLogo\",\"width\":5345,\"height\":1891},\"image\":{\"@id\":\"https:\\\/\\\/almaschool.org\\\/es\\\/parte-4-el-codigo-del-exodo-y-resumen\\\/#organizationLogo\"}},{\"@type\":\"Person\",\"@id\":\"https:\\\/\\\/almaschool.org\\\/es\\\/author\\\/jaguitrabbigmail-com\\\/#author\",\"url\":\"https:\\\/\\\/almaschool.org\\\/es\\\/author\\\/jaguitrabbigmail-com\\\/\",\"name\":\"Hagit Rabbi\",\"image\":{\"@type\":\"ImageObject\",\"@id\":\"https:\\\/\\\/almaschool.org\\\/es\\\/parte-4-el-codigo-del-exodo-y-resumen\\\/#authorImage\",\"url\":\"https:\\\/\\\/almaschool.org\\\/wp-content\\\/uploads\\\/2025\\\/11\\\/hagit-rabbi_avatar-1080x1080.png\",\"width\":96,\"height\":96,\"caption\":\"Hagit Rabbi\"}},{\"@type\":\"WebPage\",\"@id\":\"https:\\\/\\\/almaschool.org\\\/es\\\/parte-4-el-codigo-del-exodo-y-resumen\\\/#webpage\",\"url\":\"https:\\\/\\\/almaschool.org\\\/es\\\/parte-4-el-codigo-del-exodo-y-resumen\\\/\",\"name\":\"Parte 4: El C\\u00f3digo del \\u00c9xodo y Resumen - Alma School for Humanity\",\"description\":\"La historia del \\u00c9xodo de Egipto ocurri\\u00f3 realmente desde una perspectiva hist\\u00f3rica; sin embargo, tambi\\u00e9n est\\u00e1n entretejidos en ella muchos c\\u00f3digos e ideas que pueden arrojar luz sobre el estado actual de la humanidad.\",\"inLanguage\":\"es-ES\",\"isPartOf\":{\"@id\":\"https:\\\/\\\/almaschool.org\\\/es\\\/#website\"},\"breadcrumb\":{\"@id\":\"https:\\\/\\\/almaschool.org\\\/es\\\/parte-4-el-codigo-del-exodo-y-resumen\\\/#breadcrumblist\"},\"author\":{\"@id\":\"https:\\\/\\\/almaschool.org\\\/es\\\/author\\\/jaguitrabbigmail-com\\\/#author\"},\"creator\":{\"@id\":\"https:\\\/\\\/almaschool.org\\\/es\\\/author\\\/jaguitrabbigmail-com\\\/#author\"},\"image\":{\"@type\":\"ImageObject\",\"url\":\"https:\\\/\\\/almaschool.org\\\/wp-content\\\/uploads\\\/2023\\\/05\\\/\\u05e7\\u05d8\\u05df-\\u05d7\\u05dc\\u05e7-\\u05d3.jpg\",\"@id\":\"https:\\\/\\\/almaschool.org\\\/es\\\/parte-4-el-codigo-del-exodo-y-resumen\\\/#mainImage\",\"width\":1900,\"height\":1267},\"primaryImageOfPage\":{\"@id\":\"https:\\\/\\\/almaschool.org\\\/es\\\/parte-4-el-codigo-del-exodo-y-resumen\\\/#mainImage\"},\"datePublished\":\"2023-05-10T19:01:32+03:00\",\"dateModified\":\"2026-06-28T17:52:20+03:00\"},{\"@type\":\"WebSite\",\"@id\":\"https:\\\/\\\/almaschool.org\\\/es\\\/#website\",\"url\":\"https:\\\/\\\/almaschool.org\\\/es\\\/\",\"name\":\"Alma School for Humanity\",\"description\":\"Calling for the Human Spirit\",\"inLanguage\":\"es-ES\",\"publisher\":{\"@id\":\"https:\\\/\\\/almaschool.org\\\/es\\\/#organization\"}}]}\n\t\t<\/script>\n\t\t<!-- All in One SEO -->\n\n","aioseo_head_json":{"title":"Parte 4: El C\u00f3digo del \u00c9xodo y Resumen - Alma School for Humanity","description":"La historia del \u00c9xodo de Egipto ocurri\u00f3 realmente desde una perspectiva hist\u00f3rica; sin embargo, tambi\u00e9n est\u00e1n entretejidos en ella muchos c\u00f3digos e ideas que pueden arrojar luz sobre el estado actual de la humanidad.","canonical_url":"https:\/\/almaschool.org\/es\/parte-4-el-codigo-del-exodo-y-resumen\/","robots":"max-image-preview:large","keywords":"","webmasterTools":{"miscellaneous":""},"schema":{"@context":"https:\/\/schema.org","@graph":[{"@type":"BlogPosting","@id":"https:\/\/almaschool.org\/es\/parte-4-el-codigo-del-exodo-y-resumen\/#blogposting","name":"Parte 4: El C\u00f3digo del \u00c9xodo y Resumen - Alma School for Humanity","headline":"Parte 4: El C\u00f3digo del \u00c9xodo y Resumen","author":{"@id":"https:\/\/almaschool.org\/es\/author\/jaguitrabbigmail-com\/#author"},"publisher":{"@id":"https:\/\/almaschool.org\/es\/#organization"},"image":{"@type":"ImageObject","url":"https:\/\/almaschool.org\/wp-content\/uploads\/2023\/05\/\u05e7\u05d8\u05df-\u05d7\u05dc\u05e7-\u05d3.jpg","width":1900,"height":1267},"datePublished":"2023-05-10T19:01:32+03:00","dateModified":"2026-06-28T17:52:20+03:00","inLanguage":"es-ES","mainEntityOfPage":{"@id":"https:\/\/almaschool.org\/es\/parte-4-el-codigo-del-exodo-y-resumen\/#webpage"},"isPartOf":{"@id":"https:\/\/almaschool.org\/es\/parte-4-el-codigo-del-exodo-y-resumen\/#webpage"},"articleSection":"Art\u00edculos, c\u00f3digo, Opcional"},{"@type":"BreadcrumbList","@id":"https:\/\/almaschool.org\/es\/parte-4-el-codigo-del-exodo-y-resumen\/#breadcrumblist","itemListElement":[{"@type":"ListItem","@id":"https:\/\/almaschool.org\/es\/#listItem","position":1,"name":"Home","item":"https:\/\/almaschool.org\/es\/","nextItem":{"@type":"ListItem","@id":"https:\/\/almaschool.org\/es\/articulos\/#listItem","name":"Art\u00edculos e Historias"}},{"@type":"ListItem","@id":"https:\/\/almaschool.org\/es\/articulos\/#listItem","position":2,"name":"Art\u00edculos e Historias","previousItem":{"@type":"ListItem","@id":"https:\/\/almaschool.org\/es\/#listItem","name":"Home"}}]},{"@type":"Organization","@id":"https:\/\/almaschool.org\/es\/#organization","name":"Alma School for Humanity","description":"Calling for the Human Spirit","url":"https:\/\/almaschool.org\/es\/","logo":{"@type":"ImageObject","url":"https:\/\/almaschool.org\/wp-content\/uploads\/2023\/04\/ASFH-\u05e6\u05d1\u05e2\u05d5\u05e0\u05d9.png","@id":"https:\/\/almaschool.org\/es\/parte-4-el-codigo-del-exodo-y-resumen\/#organizationLogo","width":5345,"height":1891},"image":{"@id":"https:\/\/almaschool.org\/es\/parte-4-el-codigo-del-exodo-y-resumen\/#organizationLogo"}},{"@type":"Person","@id":"https:\/\/almaschool.org\/es\/author\/jaguitrabbigmail-com\/#author","url":"https:\/\/almaschool.org\/es\/author\/jaguitrabbigmail-com\/","name":"Hagit Rabbi","image":{"@type":"ImageObject","@id":"https:\/\/almaschool.org\/es\/parte-4-el-codigo-del-exodo-y-resumen\/#authorImage","url":"https:\/\/almaschool.org\/wp-content\/uploads\/2025\/11\/hagit-rabbi_avatar-1080x1080.png","width":96,"height":96,"caption":"Hagit Rabbi"}},{"@type":"WebPage","@id":"https:\/\/almaschool.org\/es\/parte-4-el-codigo-del-exodo-y-resumen\/#webpage","url":"https:\/\/almaschool.org\/es\/parte-4-el-codigo-del-exodo-y-resumen\/","name":"Parte 4: El C\u00f3digo del \u00c9xodo y Resumen - Alma School for Humanity","description":"La historia del \u00c9xodo de Egipto ocurri\u00f3 realmente desde una perspectiva hist\u00f3rica; sin embargo, tambi\u00e9n est\u00e1n entretejidos en ella muchos c\u00f3digos e ideas que pueden arrojar luz sobre el estado actual de la humanidad.","inLanguage":"es-ES","isPartOf":{"@id":"https:\/\/almaschool.org\/es\/#website"},"breadcrumb":{"@id":"https:\/\/almaschool.org\/es\/parte-4-el-codigo-del-exodo-y-resumen\/#breadcrumblist"},"author":{"@id":"https:\/\/almaschool.org\/es\/author\/jaguitrabbigmail-com\/#author"},"creator":{"@id":"https:\/\/almaschool.org\/es\/author\/jaguitrabbigmail-com\/#author"},"image":{"@type":"ImageObject","url":"https:\/\/almaschool.org\/wp-content\/uploads\/2023\/05\/\u05e7\u05d8\u05df-\u05d7\u05dc\u05e7-\u05d3.jpg","@id":"https:\/\/almaschool.org\/es\/parte-4-el-codigo-del-exodo-y-resumen\/#mainImage","width":1900,"height":1267},"primaryImageOfPage":{"@id":"https:\/\/almaschool.org\/es\/parte-4-el-codigo-del-exodo-y-resumen\/#mainImage"},"datePublished":"2023-05-10T19:01:32+03:00","dateModified":"2026-06-28T17:52:20+03:00"},{"@type":"WebSite","@id":"https:\/\/almaschool.org\/es\/#website","url":"https:\/\/almaschool.org\/es\/","name":"Alma School for Humanity","description":"Calling for the Human Spirit","inLanguage":"es-ES","publisher":{"@id":"https:\/\/almaschool.org\/es\/#organization"}}]},"og:locale":"es_ES","og:site_name":"Alma School for Humanity - Calling for the Human Spirit","og:type":"article","og:title":"Parte 4: El C\u00f3digo del \u00c9xodo y Resumen - Alma School for Humanity","og:description":"La historia del \u00c9xodo de Egipto ocurri\u00f3 realmente desde una perspectiva hist\u00f3rica; sin embargo, tambi\u00e9n est\u00e1n entretejidos en ella muchos c\u00f3digos e ideas que pueden arrojar luz sobre el estado actual de la humanidad.","og:url":"https:\/\/almaschool.org\/es\/parte-4-el-codigo-del-exodo-y-resumen\/","og:image":"https:\/\/almaschool.org\/wp-content\/uploads\/2024\/07\/250X250-\u05d0\u05d9\u05d9\u05e7\u05d5\u05df-\u05dc\u05d0\u05ea\u05e8\u05d9\u05dd.png","og:image:secure_url":"https:\/\/almaschool.org\/wp-content\/uploads\/2024\/07\/250X250-\u05d0\u05d9\u05d9\u05e7\u05d5\u05df-\u05dc\u05d0\u05ea\u05e8\u05d9\u05dd.png","og:image:width":250,"og:image:height":250,"article:published_time":"2023-05-10T16:01:32+00:00","article:modified_time":"2026-06-28T14:52:20+00:00","twitter:card":"summary_large_image","twitter:title":"Parte 4: El C\u00f3digo del \u00c9xodo y Resumen - Alma School for Humanity","twitter:description":"La historia del \u00c9xodo de Egipto ocurri\u00f3 realmente desde una perspectiva hist\u00f3rica; sin embargo, tambi\u00e9n est\u00e1n entretejidos en ella muchos c\u00f3digos e ideas que pueden arrojar luz sobre el estado actual de la humanidad.","twitter:image":"https:\/\/almaschool.org\/wp-content\/uploads\/2024\/07\/250X250-\u05d0\u05d9\u05d9\u05e7\u05d5\u05df-\u05dc\u05d0\u05ea\u05e8\u05d9\u05dd.png"},"aioseo_meta_data":{"post_id":"7729","title":null,"description":null,"keywords":null,"keyphrases":{"focus":{"keyphrase":"","score":0,"analysis":{"keyphraseInTitle":{"score":0,"maxScore":9,"error":1}}},"additional":[]},"primary_term":null,"canonical_url":null,"og_title":null,"og_description":null,"og_object_type":"default","og_image_type":"default","og_image_url":null,"og_image_width":null,"og_image_height":null,"og_image_custom_url":null,"og_image_custom_fields":null,"og_video":"","og_custom_url":null,"og_article_section":null,"og_article_tags":null,"twitter_use_og":false,"twitter_card":"default","twitter_image_type":"default","twitter_image_url":null,"twitter_image_custom_url":null,"twitter_image_custom_fields":null,"twitter_title":null,"twitter_description":null,"schema":{"blockGraphs":[],"customGraphs":[],"default":{"data":{"Article":[],"Course":[],"Dataset":[],"FAQPage":[],"Movie":[],"Person":[],"Product":[],"ProductReview":[],"Car":[],"Recipe":[],"Service":[],"SoftwareApplication":[],"WebPage":[]},"graphName":"WebPage","isEnabled":true},"graphs":[]},"schema_type":"default","schema_type_options":null,"pillar_content":false,"robots_default":true,"robots_noindex":false,"robots_noarchive":false,"robots_nosnippet":false,"robots_nofollow":false,"robots_noimageindex":false,"robots_noodp":false,"robots_notranslate":false,"robots_max_snippet":"-1","robots_max_videopreview":"-1","robots_max_imagepreview":"large","priority":null,"frequency":"default","local_seo":null,"breadcrumb_settings":null,"limit_modified_date":false,"ai":null,"created":"2024-12-23 11:54:53","updated":"2026-06-16 18:43:06","seo_analyzer_scan_date":null,"focus_keyword":null,"additional_keywords":null,"truseo_locale":null},"aioseo_breadcrumb":"<div class=\"aioseo-breadcrumbs\"><span class=\"aioseo-breadcrumb\">\n\t\t\t<a href=\"https:\/\/almaschool.org\/es\/\" title=\"Home\">Home<\/a>\n\t\t<\/span><span class=\"aioseo-breadcrumb-separator\">&raquo;<\/span><span class=\"aioseo-breadcrumb\">\n\t\t\tArt\u00edculos e Historias\n\t\t<\/span><\/div>","aioseo_breadcrumb_json":[{"label":"Home","link":"https:\/\/almaschool.org\/es\/"},{"label":"Art\u00edculos e Historias","link":"https:\/\/almaschool.org\/es\/articulos\/"}],"_links":{"self":[{"href":"https:\/\/almaschool.org\/es\/wp-json\/wp\/v2\/pages\/7729","targetHints":{"allow":["GET"]}}],"collection":[{"href":"https:\/\/almaschool.org\/es\/wp-json\/wp\/v2\/pages"}],"about":[{"href":"https:\/\/almaschool.org\/es\/wp-json\/wp\/v2\/types\/page"}],"author":[{"embeddable":true,"href":"https:\/\/almaschool.org\/es\/wp-json\/wp\/v2\/users\/3"}],"replies":[{"embeddable":true,"href":"https:\/\/almaschool.org\/es\/wp-json\/wp\/v2\/comments?post=7729"}],"version-history":[{"count":11,"href":"https:\/\/almaschool.org\/es\/wp-json\/wp\/v2\/pages\/7729\/revisions"}],"predecessor-version":[{"id":36661,"href":"https:\/\/almaschool.org\/es\/wp-json\/wp\/v2\/pages\/7729\/revisions\/36661"}],"wp:attachment":[{"href":"https:\/\/almaschool.org\/es\/wp-json\/wp\/v2\/media?parent=7729"}],"curies":[{"name":"wp","href":"https:\/\/api.w.org\/{rel}","templated":true}]}}